{"id":6367,"date":"2025-05-22T14:16:52","date_gmt":"2025-05-22T11:16:52","guid":{"rendered":"https:\/\/www.nauvonkamarimusiikki.fi\/?page_id=6367"},"modified":"2025-06-26T10:25:37","modified_gmt":"2025-06-26T07:25:37","slug":"artister","status":"publish","type":"page","link":"https:\/\/www.nauvonkamarimusiikki.fi\/?page_id=6367&lang=sv","title":{"rendered":"Artister"},"content":{"rendered":"\t\t<div data-elementor-type=\"wp-page\" data-elementor-id=\"6367\" class=\"elementor elementor-6367 elementor-6306\">\n\t\t\t\t\t\t<section class=\"elementor-section elementor-top-section elementor-element elementor-element-a934eee elementor-section-boxed elementor-section-height-default elementor-section-height-default\" data-id=\"a934eee\" data-element_type=\"section\" data-e-type=\"section\">\n\t\t\t\t\t\t<div class=\"elementor-container elementor-column-gap-default\">\n\t\t\t\t\t<div class=\"elementor-column elementor-col-50 elementor-top-column elementor-element elementor-element-9731af5\" data-id=\"9731af5\" data-element_type=\"column\" data-e-type=\"column\">\n\t\t\t<div class=\"elementor-widget-wrap elementor-element-populated\">\n\t\t\t\t\t\t<div class=\"elementor-element elementor-element-cc7bc56 elementor-widget__width-initial elementor-widget elementor-widget-image\" data-id=\"cc7bc56\" data-element_type=\"widget\" data-e-type=\"widget\" data-widget_type=\"image.default\">\n\t\t\t\t<div class=\"elementor-widget-container\">\n\t\t\t\t\t\t\t\t\t\t\t\t\t\t\t<img decoding=\"async\" src=\"https:\/\/www.nauvonkamarimusiikki.fi\/wordpress\/wp-content\/uploads\/2025\/05\/D3732DB8-1EC5-4D68-9670-7EDB683C5187-scaled.jpeg\" title=\"D3732DB8-1EC5-4D68-9670-7EDB683C5187\" alt=\"D3732DB8-1EC5-4D68-9670-7EDB683C5187\" loading=\"lazy\" \/>\t\t\t\t\t\t\t\t\t\t\t\t\t\t\t<\/div>\n\t\t\t\t<\/div>\n\t\t\t\t\t<\/div>\n\t\t<\/div>\n\t\t\t\t<div class=\"elementor-column elementor-col-50 elementor-top-column elementor-element elementor-element-8562338\" data-id=\"8562338\" data-element_type=\"column\" data-e-type=\"column\">\n\t\t\t<div class=\"elementor-widget-wrap elementor-element-populated\">\n\t\t\t\t\t\t<div class=\"elementor-element elementor-element-e756656 elementor-widget__width-initial elementor-widget elementor-widget-text-editor\" data-id=\"e756656\" data-element_type=\"widget\" data-e-type=\"widget\" data-widget_type=\"text-editor.default\">\n\t\t\t\t<div class=\"elementor-widget-container\">\n\t\t\t\t\t\t\t\t\t<h3>Sebastian Johansson<\/h3><p><span style=\"font-weight: 400;\">Sebastian Johansson (f. 1997) \u00e4r uppvuxen i J\u00f6nk\u00f6ping och p\u00e5b\u00f6rjade tidigt sin musikaliska bana. Efter musikgymnasium antogs han till organistutbildningen vid Musikh\u00f6gskolan i Malm\u00f6 d\u00e4r han studerade orgel f\u00f6r Hans Hellsten och Carl Adam Landstr\u00f6m. Han har ocks\u00e5 avlagt masterexamen i orgel vid Kungliga Musikh\u00f6gskolan i Stockholm d\u00e4r han studerade f\u00f6r Johannes Landgren, Mikael Wahlin och Stefan Therstam.\u00a0<\/span><\/p><p><span style=\"font-weight: 400;\">Sedan v\u00e5ren 2023 \u00e4r han verksam som organist i Sigtuna f\u00f6rsamling, norr om Stockholm, d\u00e4r han har huvudansvaret f\u00f6r f\u00f6rsamlingens omfattande musik- och konsertverksamhet. D\u00e4r leder han Mariakyrkans Motettk\u00f6r som \u00e5rligen framf\u00f6r flera stora kyrkomusikaliska verk samt de tv\u00e5 vokalensemblerna Mari\u00e6 Vocalis och Cantores Mari\u00e6.\u00a0<\/span><\/p><p><span style=\"font-weight: 400;\">Vid sidan av arbetet bedriver han en omfattande verksamhet som konsertorganist och som orgelsolist har han bland annat framtr\u00e4tt i flertalet svenska domkyrkor, i flera orgelfestivaler samt spelat i Stockholms Konserthus. Han har \u00e4ven konserterat i Norge och England och g\u00e4star nu Finland f\u00f6r f\u00f6rsta g\u00e5ngen. Sedan v\u00e5ren 2023 \u00e4r han vice ordf\u00f6rande f\u00f6r Stockholms internationella orgelfestival &#8211; OrganSpace.\u00a0<\/span><\/p>\t\t\t\t\t\t\t\t<\/div>\n\t\t\t\t<\/div>\n\t\t\t\t\t<\/div>\n\t\t<\/div>\n\t\t\t\t\t<\/div>\n\t\t<\/section>\n\t\t\t\t<section class=\"elementor-section elementor-top-section elementor-element elementor-element-cea7634 elementor-section-boxed elementor-section-height-default elementor-section-height-default\" data-id=\"cea7634\" data-element_type=\"section\" data-e-type=\"section\">\n\t\t\t\t\t\t<div class=\"elementor-container elementor-column-gap-default\">\n\t\t\t\t\t<div class=\"elementor-column elementor-col-100 elementor-top-column elementor-element elementor-element-cd5896a\" data-id=\"cd5896a\" data-element_type=\"column\" data-e-type=\"column\">\n\t\t\t<div class=\"elementor-widget-wrap elementor-element-populated\">\n\t\t\t\t\t\t<div class=\"elementor-element elementor-element-a421d6b elementor-widget elementor-widget-spacer\" data-id=\"a421d6b\" data-element_type=\"widget\" data-e-type=\"widget\" data-widget_type=\"spacer.default\">\n\t\t\t\t<div class=\"elementor-widget-container\">\n\t\t\t\t\t\t\t<div class=\"elementor-spacer\">\n\t\t\t<div class=\"elementor-spacer-inner\"><\/div>\n\t\t<\/div>\n\t\t\t\t\t\t<\/div>\n\t\t\t\t<\/div>\n\t\t\t\t\t<\/div>\n\t\t<\/div>\n\t\t\t\t\t<\/div>\n\t\t<\/section>\n\t\t\t\t<section class=\"elementor-section elementor-top-section elementor-element elementor-element-45d7356 elementor-section-boxed elementor-section-height-default elementor-section-height-default\" data-id=\"45d7356\" data-element_type=\"section\" data-e-type=\"section\">\n\t\t\t\t\t\t<div class=\"elementor-container elementor-column-gap-default\">\n\t\t\t\t\t<div class=\"elementor-column elementor-col-50 elementor-top-column elementor-element elementor-element-4689676\" data-id=\"4689676\" data-element_type=\"column\" data-e-type=\"column\">\n\t\t\t<div class=\"elementor-widget-wrap elementor-element-populated\">\n\t\t\t\t\t\t<div class=\"elementor-element elementor-element-1128502 elementor-widget__width-initial elementor-widget elementor-widget-image\" data-id=\"1128502\" data-element_type=\"widget\" data-e-type=\"widget\" data-widget_type=\"image.default\">\n\t\t\t\t<div class=\"elementor-widget-container\">\n\t\t\t\t\t\t\t\t\t\t\t\t\t\t\t<img decoding=\"async\" src=\"https:\/\/www.nauvonkamarimusiikki.fi\/wordpress\/wp-content\/uploads\/2025\/05\/Ilari-Lahesmaa-1-scaled.jpeg\" title=\"Ilari Lahesmaa (1)\" alt=\"Ilari Lahesmaa (1)\" loading=\"lazy\" \/>\t\t\t\t\t\t\t\t\t\t\t\t\t\t\t<\/div>\n\t\t\t\t<\/div>\n\t\t\t\t\t<\/div>\n\t\t<\/div>\n\t\t\t\t<div class=\"elementor-column elementor-col-50 elementor-top-column elementor-element elementor-element-5317440\" data-id=\"5317440\" data-element_type=\"column\" data-e-type=\"column\">\n\t\t\t<div class=\"elementor-widget-wrap elementor-element-populated\">\n\t\t\t\t\t\t<div class=\"elementor-element elementor-element-c9b3cf1 elementor-widget__width-initial elementor-widget elementor-widget-text-editor\" data-id=\"c9b3cf1\" data-element_type=\"widget\" data-e-type=\"widget\" data-widget_type=\"text-editor.default\">\n\t\t\t\t<div class=\"elementor-widget-container\">\n\t\t\t\t\t\t\t\t\t<h3>Ilari Lahesmaa<\/h3><p><span style=\"font-weight: 400;\">Ilari Lahesmaa b\u00f6rjade spela valthorn 2013 under Mia Pertolas ledning vid Arkipelagi musikinstitut i S:t Karins. Under sin musikaliska resa har han deltagit i flera ungdomsorkestrar, bland annat Orkester Norden och Sinfoniaorkesteri Vivo.<\/span><\/p><p><span style=\"font-weight: 400;\">Mellan 2019 och 2023 studerade han i Sibelius-Akademins ungdomsutbildning f\u00f6r Tommi Hyytinen. Han har ocks\u00e5 deltagit i ett flertal m\u00e4starkurser med internationellt erk\u00e4nda hornister som Radovan Vlatkovi\u0107, Jos\u00e9 Bernardo Silva, Saar Berger och Laurens Woudenberg som l\u00e4rare.<\/span><\/p><p><span style=\"font-weight: 400;\">Sin v\u00e4rnplikt fullgjorde han som musiker i Gardets musikk\u00e5r. Sedan 2023 studerar Lahesmaa vidare vid Sibelius-Akademin, d\u00e4r han forts\u00e4tter sin utbildning i Tommi Hyytinens klass.<\/span><\/p>\t\t\t\t\t\t\t\t<\/div>\n\t\t\t\t<\/div>\n\t\t\t\t\t<\/div>\n\t\t<\/div>\n\t\t\t\t\t<\/div>\n\t\t<\/section>\n\t\t\t\t<section class=\"elementor-section elementor-top-section elementor-element elementor-element-d080df8 elementor-section-boxed elementor-section-height-default elementor-section-height-default\" data-id=\"d080df8\" data-element_type=\"section\" data-e-type=\"section\">\n\t\t\t\t\t\t<div class=\"elementor-container elementor-column-gap-default\">\n\t\t\t\t\t<div class=\"elementor-column elementor-col-100 elementor-top-column elementor-element elementor-element-29d2845\" data-id=\"29d2845\" data-element_type=\"column\" data-e-type=\"column\">\n\t\t\t<div class=\"elementor-widget-wrap elementor-element-populated\">\n\t\t\t\t\t\t<div class=\"elementor-element elementor-element-1ab7293 elementor-widget elementor-widget-spacer\" data-id=\"1ab7293\" data-element_type=\"widget\" data-e-type=\"widget\" data-widget_type=\"spacer.default\">\n\t\t\t\t<div class=\"elementor-widget-container\">\n\t\t\t\t\t\t\t<div class=\"elementor-spacer\">\n\t\t\t<div class=\"elementor-spacer-inner\"><\/div>\n\t\t<\/div>\n\t\t\t\t\t\t<\/div>\n\t\t\t\t<\/div>\n\t\t\t\t\t<\/div>\n\t\t<\/div>\n\t\t\t\t\t<\/div>\n\t\t<\/section>\n\t\t\t\t<section class=\"elementor-section elementor-top-section elementor-element elementor-element-4658d9f elementor-section-boxed elementor-section-height-default elementor-section-height-default\" data-id=\"4658d9f\" data-element_type=\"section\" data-e-type=\"section\">\n\t\t\t\t\t\t<div class=\"elementor-container elementor-column-gap-default\">\n\t\t\t\t\t<div class=\"elementor-column elementor-col-50 elementor-top-column elementor-element elementor-element-462e7f4\" data-id=\"462e7f4\" data-element_type=\"column\" data-e-type=\"column\">\n\t\t\t<div class=\"elementor-widget-wrap elementor-element-populated\">\n\t\t\t\t\t\t<div class=\"elementor-element elementor-element-ded1b5b elementor-widget__width-initial elementor-widget elementor-widget-image\" data-id=\"ded1b5b\" data-element_type=\"widget\" data-e-type=\"widget\" data-widget_type=\"image.default\">\n\t\t\t\t<div class=\"elementor-widget-container\">\n\t\t\t\t\t\t\t\t\t\t\t\t\t\t\t<img decoding=\"async\" src=\"https:\/\/www.nauvonkamarimusiikki.fi\/wordpress\/wp-content\/uploads\/2025\/05\/Ruben-Goesch_Oscar-Jankes-scaled.jpg\" title=\"Ruben Goesch_Oscar Jankes\" alt=\"Ruben Goesch_Oscar Jankes\" loading=\"lazy\" \/>\t\t\t\t\t\t\t\t\t\t\t\t\t\t\t<\/div>\n\t\t\t\t<\/div>\n\t\t\t\t\t<\/div>\n\t\t<\/div>\n\t\t\t\t<div class=\"elementor-column elementor-col-50 elementor-top-column elementor-element elementor-element-6601e5f\" data-id=\"6601e5f\" data-element_type=\"column\" data-e-type=\"column\">\n\t\t\t<div class=\"elementor-widget-wrap elementor-element-populated\">\n\t\t\t\t\t\t<div class=\"elementor-element elementor-element-eabe0ca elementor-widget__width-initial elementor-widget elementor-widget-text-editor\" data-id=\"eabe0ca\" data-element_type=\"widget\" data-e-type=\"widget\" data-widget_type=\"text-editor.default\">\n\t\t\t\t<div class=\"elementor-widget-container\">\n\t\t\t\t\t\t\t\t\t<h3>Ruben Goesch<\/h3><p><span style=\"font-weight: 400;\">Den australisk-finl\u00e4ndske violinisten Ruben Goesch b\u00f6rjade spela fiol vid fem \u00e5rs \u00e5lder, och redan som sex\u00e5ring inledde han sina studier vid \u00c5bo konservatorium f\u00f6r Araik Resjan. I \u00c5bo studerade han \u00e4ven f\u00f6r Markku Jokinen och Juha-Pekka Vikman. F\u00f6r n\u00e4rvarande studerar han vid Sibelius-Akademin i Jaakko Ilves klass.<\/span><\/p><p><span style=\"font-weight: 400;\">Han har deltagit i m\u00e4starkurser f\u00f6r framst\u00e5ende pedagoger som Wouter Vossen, Cecilia Zilliacus, Pekka Kauppinen och Antti Tikkanen, och har f\u00f6rdjupat sig i kammarmusik under handledning av bland andra Teemu Kupiainen, Marko Yl\u00f6nen och Ralf Goth\u00f3ni.<\/span><\/p><p><span style=\"font-weight: 400;\">Som en av grundarna till Kustavi Ensemble str\u00e4var Ruben efter att f\u00f6ra klassisk musik till sina sj\u00e4lsliga hemtrakter i \u00c5bolands sk\u00e4rg\u00e5rd. Han har upptr\u00e4tt flera g\u00e5nger vid \u00c5bo musikfestspel, och som orkestermusiker har han spelat med bland annat Lojo stadsorkester, \u00c5bo filharmoniska orkester och Jyv\u00e4skyl\u00e4 Sinfonia.<\/span><\/p><p><span style=\"font-weight: 400;\">P\u00e5 sin fritid njuter han av gott kaffe, h\u00e4mtar inspiration fr\u00e5n folkmusik och spelar g\u00e4rna fotboll. Hans konstn\u00e4rliga utveckling har st\u00f6ttats av Suomen kulttuurirahasto och Selim Eskelins stiftelse.<\/span><\/p>\t\t\t\t\t\t\t\t<\/div>\n\t\t\t\t<\/div>\n\t\t\t\t\t<\/div>\n\t\t<\/div>\n\t\t\t\t\t<\/div>\n\t\t<\/section>\n\t\t\t\t<section class=\"elementor-section elementor-top-section elementor-element elementor-element-9e39bc8 elementor-section-boxed elementor-section-height-default elementor-section-height-default\" data-id=\"9e39bc8\" data-element_type=\"section\" data-e-type=\"section\">\n\t\t\t\t\t\t<div class=\"elementor-container elementor-column-gap-default\">\n\t\t\t\t\t<div class=\"elementor-column elementor-col-100 elementor-top-column elementor-element elementor-element-9274252\" data-id=\"9274252\" data-element_type=\"column\" data-e-type=\"column\">\n\t\t\t<div class=\"elementor-widget-wrap elementor-element-populated\">\n\t\t\t\t\t\t<div class=\"elementor-element elementor-element-ee1721d elementor-widget elementor-widget-spacer\" data-id=\"ee1721d\" data-element_type=\"widget\" data-e-type=\"widget\" data-widget_type=\"spacer.default\">\n\t\t\t\t<div class=\"elementor-widget-container\">\n\t\t\t\t\t\t\t<div class=\"elementor-spacer\">\n\t\t\t<div class=\"elementor-spacer-inner\"><\/div>\n\t\t<\/div>\n\t\t\t\t\t\t<\/div>\n\t\t\t\t<\/div>\n\t\t\t\t\t<\/div>\n\t\t<\/div>\n\t\t\t\t\t<\/div>\n\t\t<\/section>\n\t\t\t\t<section class=\"elementor-section elementor-top-section elementor-element elementor-element-eda8c0b elementor-section-boxed elementor-section-height-default elementor-section-height-default\" data-id=\"eda8c0b\" data-element_type=\"section\" data-e-type=\"section\">\n\t\t\t\t\t\t<div class=\"elementor-container elementor-column-gap-default\">\n\t\t\t\t\t<div class=\"elementor-column elementor-col-50 elementor-top-column elementor-element elementor-element-8e755a7\" data-id=\"8e755a7\" data-element_type=\"column\" data-e-type=\"column\">\n\t\t\t<div class=\"elementor-widget-wrap elementor-element-populated\">\n\t\t\t\t\t\t<div class=\"elementor-element elementor-element-d877797 elementor-widget__width-initial elementor-widget elementor-widget-image\" data-id=\"d877797\" data-element_type=\"widget\" data-e-type=\"widget\" data-widget_type=\"image.default\">\n\t\t\t\t<div class=\"elementor-widget-container\">\n\t\t\t\t\t\t\t\t\t\t\t\t\t\t\t<img decoding=\"async\" src=\"https:\/\/www.nauvonkamarimusiikki.fi\/wordpress\/wp-content\/uploads\/2025\/05\/Amanda-Ernesaks-foto-scaled.jpg\" title=\"Amanda Ernesaks foto\" alt=\"Amanda Ernesaks foto\" loading=\"lazy\" \/>\t\t\t\t\t\t\t\t\t\t\t\t\t\t\t<\/div>\n\t\t\t\t<\/div>\n\t\t\t\t\t<\/div>\n\t\t<\/div>\n\t\t\t\t<div class=\"elementor-column elementor-col-50 elementor-top-column elementor-element elementor-element-32fb56b\" data-id=\"32fb56b\" data-element_type=\"column\" data-e-type=\"column\">\n\t\t\t<div class=\"elementor-widget-wrap elementor-element-populated\">\n\t\t\t\t\t\t<div class=\"elementor-element elementor-element-d18a161 elementor-widget__width-initial elementor-widget elementor-widget-text-editor\" data-id=\"d18a161\" data-element_type=\"widget\" data-e-type=\"widget\" data-widget_type=\"text-editor.default\">\n\t\t\t\t<div class=\"elementor-widget-container\">\n\t\t\t\t\t\t\t\t\t<h3>Amanda Ernesaks<\/h3><p><span style=\"font-weight: 400;\">Amanda Ernesaks (f. 2002) studerar vid M\u00fcnchens musik- och teaterh\u00f6gskola under ledning av prof. Mi-kyung Lee. Tidigare har hon f\u00e5tt undervisning vid Sibelius-Akademins ungdomsutbildning med l\u00e4rare P\u00e4ivyt Meller, Laura Vikman, Pekka Kauppinen och prof. R\u00e9ka Szilvay, samt med Grazyna Zeranska-Gebert vid Esbo Musikinstitut. Hon har \u00e4ven deltagit i m\u00e4starkurser med bland andra Ana Chumachenco, Kerson Leong, Jean-Jacques Kantorow och Gerhard Schulz.<\/span><\/p><p><span style=\"font-weight: 400;\">Amanda har bel\u00f6nats med tredje pris i den internationella \u201cYoung Musician\u201d-t\u00e4vlingen i Tallinn \u00e5ren 2013 och 2015, f\u00f6rsta pris i \u201cJuhani Heinonen\u201d-violint\u00e4vlingen 2016, andra pris 2019 samt andra pris i Estlands nationella str\u00e5kt\u00e4vling 2020. \u00c5r 2025 vann hon f\u00f6rsta pris i Kuopio violint\u00e4vling.<\/span><\/p><p><span style=\"font-weight: 400;\">Amanda har medverkat aktivt som kammarmusiker runt om i Finland p\u00e5 festivaler s\u00e5som Kuhmo kammarmusik, Kamarikes\u00e4, Kokkolan Syyskamari (Karleby), \u00c5bo musikfestspel samt Grankulla musikfest. Hon har \u00e4ven varit solist med flera orkestrar, bland annat Stuttgarts kammarorkester, Estlands Nationaloperas orkester, Jyv\u00e4skyl\u00e4 Sinfonia, Wegelius kammarorkester och Radions symfoniorkester i konserten f\u00f6r unga solister.<\/span><\/p><p><span style=\"font-weight: 400;\">H\u00f6sten 2015 grundade Amanda tillsammans med sina v\u00e4nner kvartetten Seele, som har haft framg\u00e5ngar i t\u00e4vlingar \u2013 bland annat f\u00f6rsta pris i sin \u00e5ldersklass i Erkki Melartin -kammarmusikt\u00e4vlingen 2016 och andra pris i \u201dThe Rising Stars Grand Prix\u201d i Berlin 2017. Kvartetten har konserterat p\u00e5 festivaler runtom i Finland samt i London. Amandas arbete har v\u00e4nligen st\u00f6tts av Finlands kulturfond.<\/span><\/p>\t\t\t\t\t\t\t\t<\/div>\n\t\t\t\t<\/div>\n\t\t\t\t\t<\/div>\n\t\t<\/div>\n\t\t\t\t\t<\/div>\n\t\t<\/section>\n\t\t\t\t<section class=\"elementor-section elementor-top-section elementor-element elementor-element-65e7c7f elementor-section-boxed elementor-section-height-default elementor-section-height-default\" data-id=\"65e7c7f\" data-element_type=\"section\" data-e-type=\"section\">\n\t\t\t\t\t\t<div class=\"elementor-container elementor-column-gap-default\">\n\t\t\t\t\t<div class=\"elementor-column elementor-col-100 elementor-top-column elementor-element elementor-element-bec0331\" data-id=\"bec0331\" data-element_type=\"column\" data-e-type=\"column\">\n\t\t\t<div class=\"elementor-widget-wrap elementor-element-populated\">\n\t\t\t\t\t\t<div class=\"elementor-element elementor-element-93bb7c9 elementor-widget elementor-widget-spacer\" data-id=\"93bb7c9\" data-element_type=\"widget\" data-e-type=\"widget\" data-widget_type=\"spacer.default\">\n\t\t\t\t<div class=\"elementor-widget-container\">\n\t\t\t\t\t\t\t<div class=\"elementor-spacer\">\n\t\t\t<div class=\"elementor-spacer-inner\"><\/div>\n\t\t<\/div>\n\t\t\t\t\t\t<\/div>\n\t\t\t\t<\/div>\n\t\t\t\t\t<\/div>\n\t\t<\/div>\n\t\t\t\t\t<\/div>\n\t\t<\/section>\n\t\t\t\t<section class=\"elementor-section elementor-top-section elementor-element elementor-element-7f308c3 elementor-section-boxed elementor-section-height-default elementor-section-height-default\" data-id=\"7f308c3\" data-element_type=\"section\" data-e-type=\"section\">\n\t\t\t\t\t\t<div class=\"elementor-container elementor-column-gap-default\">\n\t\t\t\t\t<div class=\"elementor-column elementor-col-50 elementor-top-column elementor-element elementor-element-794d83e\" data-id=\"794d83e\" data-element_type=\"column\" data-e-type=\"column\">\n\t\t\t<div class=\"elementor-widget-wrap elementor-element-populated\">\n\t\t\t\t\t\t<div class=\"elementor-element elementor-element-6dd0c8d elementor-widget__width-initial elementor-widget elementor-widget-image\" data-id=\"6dd0c8d\" data-element_type=\"widget\" data-e-type=\"widget\" data-widget_type=\"image.default\">\n\t\t\t\t<div class=\"elementor-widget-container\">\n\t\t\t\t\t\t\t\t\t\t\t\t\t\t\t<img decoding=\"async\" src=\"https:\/\/www.nauvonkamarimusiikki.fi\/wordpress\/wp-content\/uploads\/2025\/05\/Siljamari-Heikinheimo_kuva-Uzi-Varon-scaled.jpg\" title=\"Siljamari Heikinheimo_kuva Uzi Varon\" alt=\"Siljamari Heikinheimo_kuva Uzi Varon\" loading=\"lazy\" \/>\t\t\t\t\t\t\t\t\t\t\t\t\t\t\t<\/div>\n\t\t\t\t<\/div>\n\t\t\t\t\t<\/div>\n\t\t<\/div>\n\t\t\t\t<div class=\"elementor-column elementor-col-50 elementor-top-column elementor-element elementor-element-0509ec2\" data-id=\"0509ec2\" data-element_type=\"column\" data-e-type=\"column\">\n\t\t\t<div class=\"elementor-widget-wrap elementor-element-populated\">\n\t\t\t\t\t\t<div class=\"elementor-element elementor-element-63ada21 elementor-widget__width-initial elementor-widget elementor-widget-text-editor\" data-id=\"63ada21\" data-element_type=\"widget\" data-e-type=\"widget\" data-widget_type=\"text-editor.default\">\n\t\t\t\t<div class=\"elementor-widget-container\">\n\t\t\t\t\t\t\t\t\t<h3>Siljamari Heikinheimo<\/h3><p><span style=\"font-weight: 400;\">Siljamari Heikinheimo (f. 1985) \u00e4r en finl\u00e4ndsk violinist och operaregiss\u00f6r. Hon \u00e4r konstn\u00e4rlig ledare f\u00f6r Rauma Festivo och konstn\u00e4rlig kurator f\u00f6r konsertserien Soivat Kirjat. Sedan 2020 arbetar hon som lektor i violinspel vid Konstakademin vid Yrkesh\u00f6gskolan i \u00c5bo.<\/span><\/p><p><span style=\"font-weight: 400;\">Som violinist \u00e4r Heikinheimo en aktiv kammarmusiker och upptr\u00e4der \u00e4ven regelbundet som solist. Hon \u00e4r en \u00e5terkommande g\u00e4st vid m\u00e5nga europeiska musikfestivaler och framtr\u00e4der ofta med ensembler som Avanti!, Helsinki Chamber Soloists och den svenska kammarorkestern O\/Modernt. Hon har spelat in ett flertal finska verk f\u00f6r violin och kammarmusik f\u00f6r Yle.<\/span><\/p><p><span style=\"font-weight: 400;\">Mellan 2012 och 2016 var Heikinheimo medlem i Radions symfoniorkester, och idag arbetar hon regelbundet som g\u00e4stande konsertm\u00e4stare och st\u00e4mledare i nordiska orkestrar, bland andra Helsingfors stadsorkester, Tapiola Sinfonietta, Danmarks kammarorkester och Det Kongelige Kapel i K\u00f6penhamn.<\/span><\/p><p><span style=\"font-weight: 400;\">Heikinheimo fick sin f\u00f6rsta utbildning vid Esbo musikinstitut, och studerade senare vid Edsbergs musikinstitut i Stockholm samt vid Sibelius-Akademin. Hennes viktigaste l\u00e4rare har varit P\u00e4ivyt Meller, Grazyna Gebert, Ulf Wallin och Petri Aarnio. Hon har \u00e4ven deltagit i m\u00e4starkurser f\u00f6r Mi-Kyung Lee, Pavel Vernikov, Antti Tikkanen, Ferenc Rados och Ralf Goth\u00f3ni. Inom kammarmusik har hon studerat med Paavo Pohjola, Marko Yl\u00f6nen och Mats Zetterqvist.<\/span><\/p><p><span style=\"font-weight: 400;\">Som regiss\u00f6r har Heikinheimo arbetat i Stefan Herheims regiassistent-team vid Deutsche Oper am Rhein i D\u00fcsseldorf och Komische Oper Berlin, samt som regiassistent vid Finlands Nationalopera. Hennes egna upps\u00e4ttningar inkluderar Bart\u00f3ks <\/span><i><span style=\"font-weight: 400;\">Hertigens Bl\u00e5sk\u00e4ggs borg<\/span><\/i><span style=\"font-weight: 400;\">, Kurt Weills <\/span><i><span style=\"font-weight: 400;\">De sju d\u00f6dssynderna<\/span><\/i><span style=\"font-weight: 400;\"> och <\/span><i><span style=\"font-weight: 400;\">Toscas portr\u00e4tt<\/span><\/i><span style=\"font-weight: 400;\">, samtliga med premi\u00e4r vid Rauma Festivo.<\/span><\/p><p><span style=\"font-weight: 400;\">Operan <\/span><i><span style=\"font-weight: 400;\">Trapped Butterfly<\/span><\/i><span style=\"font-weight: 400;\">, komponerad av Sampo Kasurinen med libretto av Aina Bergroth, som reflekterar \u00f6ver den klassiska operans arv, uruppf\u00f6rdes sommaren 2023 vid Kuhmo kammarmusikfestival, Meid\u00e4n Festivaali och Rauma Festivo.<\/span><\/p><p><span style=\"font-weight: 400;\">Heikinheimos regi f\u00f6r scenkonserter har ocks\u00e5 synts i produktioner med Radions symfoniorkester (dir. Nicholas Collon), Tapiola Sinfonietta, och senast i Tammerforsoperans och Tammerfors filharmonikers konsertversion av Beethovens <\/span><i><span style=\"font-weight: 400;\">Fidelio<\/span><\/i><span style=\"font-weight: 400;\">, dirigerad av Susanna M\u00e4lkki.<\/span><\/p>\t\t\t\t\t\t\t\t<\/div>\n\t\t\t\t<\/div>\n\t\t\t\t\t<\/div>\n\t\t<\/div>\n\t\t\t\t\t<\/div>\n\t\t<\/section>\n\t\t\t\t<section class=\"elementor-section elementor-top-section elementor-element elementor-element-17fd870 elementor-section-boxed elementor-section-height-default elementor-section-height-default\" data-id=\"17fd870\" data-element_type=\"section\" data-e-type=\"section\">\n\t\t\t\t\t\t<div class=\"elementor-container elementor-column-gap-default\">\n\t\t\t\t\t<div class=\"elementor-column elementor-col-100 elementor-top-column elementor-element elementor-element-f1786ac\" data-id=\"f1786ac\" data-element_type=\"column\" data-e-type=\"column\">\n\t\t\t<div class=\"elementor-widget-wrap elementor-element-populated\">\n\t\t\t\t\t\t<div class=\"elementor-element elementor-element-775ac52 elementor-widget elementor-widget-spacer\" data-id=\"775ac52\" data-element_type=\"widget\" data-e-type=\"widget\" data-widget_type=\"spacer.default\">\n\t\t\t\t<div class=\"elementor-widget-container\">\n\t\t\t\t\t\t\t<div class=\"elementor-spacer\">\n\t\t\t<div class=\"elementor-spacer-inner\"><\/div>\n\t\t<\/div>\n\t\t\t\t\t\t<\/div>\n\t\t\t\t<\/div>\n\t\t\t\t\t<\/div>\n\t\t<\/div>\n\t\t\t\t\t<\/div>\n\t\t<\/section>\n\t\t\t\t<section class=\"elementor-section elementor-top-section elementor-element elementor-element-8ae6bc6 elementor-section-boxed elementor-section-height-default elementor-section-height-default\" data-id=\"8ae6bc6\" data-element_type=\"section\" data-e-type=\"section\">\n\t\t\t\t\t\t<div class=\"elementor-container elementor-column-gap-default\">\n\t\t\t\t\t<div class=\"elementor-column elementor-col-50 elementor-top-column elementor-element elementor-element-b99e53f\" data-id=\"b99e53f\" data-element_type=\"column\" data-e-type=\"column\">\n\t\t\t<div class=\"elementor-widget-wrap elementor-element-populated\">\n\t\t\t\t\t\t<div class=\"elementor-element elementor-element-f0bd578 elementor-widget__width-initial elementor-widget elementor-widget-image\" data-id=\"f0bd578\" data-element_type=\"widget\" data-e-type=\"widget\" data-widget_type=\"image.default\">\n\t\t\t\t<div class=\"elementor-widget-container\">\n\t\t\t\t\t\t\t\t\t\t\t\t\t\t\t<img decoding=\"async\" src=\"https:\/\/www.nauvonkamarimusiikki.fi\/wordpress\/wp-content\/uploads\/2025\/05\/kreeta-julia-by-caroline-bittencourt-055-1.jpg\" title=\"kreeta-julia by caroline bittencourt 055 (1)\" alt=\"kreeta-julia by caroline bittencourt 055 (1)\" loading=\"lazy\" \/>\t\t\t\t\t\t\t\t\t\t\t\t\t\t\t<\/div>\n\t\t\t\t<\/div>\n\t\t\t\t\t<\/div>\n\t\t<\/div>\n\t\t\t\t<div class=\"elementor-column elementor-col-50 elementor-top-column elementor-element elementor-element-2b97eec\" data-id=\"2b97eec\" data-element_type=\"column\" data-e-type=\"column\">\n\t\t\t<div class=\"elementor-widget-wrap elementor-element-populated\">\n\t\t\t\t\t\t<div class=\"elementor-element elementor-element-388871c elementor-widget__width-initial elementor-widget elementor-widget-text-editor\" data-id=\"388871c\" data-element_type=\"widget\" data-e-type=\"widget\" data-widget_type=\"text-editor.default\">\n\t\t\t\t<div class=\"elementor-widget-container\">\n\t\t\t\t\t\t\t\t\t<h3>Kreeta-Julia Heikkil\u00e4<\/h3><p><span style=\"font-weight: 400;\">Kreeta-Julia Heikkil\u00e4 \u00e4r en m\u00e5ngsidig, energisk och dynamisk violinist som \u00e4r efterfr\u00e5gad internationellt som konsertm\u00e4stare, solist och kammarmusiker.<\/span><\/p><p><span style=\"font-weight: 400;\">F\u00f6rutom regelbundna framtr\u00e4danden i Finland har hon varit verksam som solist och kammarmusiker vid en rad internationella festivaler runtom i Europa, samt i Sydkorea, USA och Ryssland. Som solist har hon upptr\u00e4tt med bland annat \u00c5bo filharmoniska orkester, Lahtis symfoniorkester, Ule\u00e5borgs symfoniorkester, samt stadsorkestrarna i Vasa, Villmanstrand och Kuopio, liksom med Danmarks kammarorkester, Fairbanks Symphony Orchestra, Johanneskammarorkestern, iPalpiti-orkestern, Helsinki Sinfonietta och Nordea Jean Sibelius Orchestra. \u00c5r 2022 debuterade hon i Musikhuset i Helsingfors som solist med Europeiska unionens ungdomsorkester.<\/span><\/p><p><span style=\"font-weight: 400;\">Ut\u00f6ver sina internationella radioframtr\u00e4danden har hon \u00e4ven varit g\u00e4stsolist och konsertm\u00e4stare p\u00e5 Rufus Wainwrights skivor <\/span><i><span style=\"font-weight: 400;\">Prima Donna<\/span><\/i><span style=\"font-weight: 400;\"> och <\/span><i><span style=\"font-weight: 400;\">Take All My Loves \u2013 9 Shakespeare Sonnets<\/span><\/i><span style=\"font-weight: 400;\">, utgivna av Deutsche Grammophon, tillsammans med BBC Symphony Orchestra i London.<\/span><\/p><p><span style=\"font-weight: 400;\">Heikkil\u00e4 har haft fasta positioner som konsertm\u00e4stare i Vasa stadsorkester (2012), Danmarks Radios kammarorkester (fr\u00e5n 2013) och Ule\u00e5borgs symfoniorkester (fr\u00e5n 2015). Hon har \u00e4ven g\u00e4stat som konsertm\u00e4stare i flera finska orkestrar samt internationellt, bland annat hos BBC Symphony Orchestra i London, Norges operaorkestrar, symfoniorkestrarna i Stavanger och Trondheim, samt Malm\u00f6 operaorkester. Sedan 2024 \u00e4r hon andre konsertm\u00e4stare vid Helsingfors stadsorkester.<\/span><\/p><p><span style=\"font-weight: 400;\">Med en stark passion f\u00f6r undervisning har Heikkil\u00e4 sedan 2019 varit timl\u00e4rare i violin och kammarmusik vid Sibelius-Akademin. Under somrarna undervisar hon unga violinister vid m\u00e4starkurser, bland annat i Raudaskyl\u00e4 och Joutseno.<\/span><\/p><p><span style=\"font-weight: 400;\">Ut\u00f6ver sitt eget konserterande arbetar hon aktivt f\u00f6r att utveckla den klassiska musikens kulturliv. Hon \u00e4r medgrundare och konstn\u00e4rlig ledare f\u00f6r Helsinki Chamber Music Festival sedan 2017, samt konstn\u00e4rlig ledare f\u00f6r konsertserien Minimalia, inriktad p\u00e5 minimalistisk musik, sedan sex \u00e5r tillbaka. Sedan 2017 \u00e4r hon \u00e4ven violinist i Pianotrio Teos, tillsammans med cellisten Jaani Helander och pianisten Jaan Ots.<\/span><\/p><p><span style=\"font-weight: 400;\">Heikkil\u00e4 b\u00f6rjade spela violin som fem\u00e5ring f\u00f6r G\u00e9za Szilvay vid \u00d6stra Helsingfors musikinstitut. Senare studerade hon vid Sibelius-Akademin med l\u00e4rare som Tuomas Haapanen, Mi-kyung Lee, P\u00e4ivyt Meller och Teri Latvala. Hon avlade examen med h\u00f6gsta betyg vid Royal College of Music i London (f\u00f6r Jan Repko) samt vid The Royal Danish Academy of Music i K\u00f6penhamn (f\u00f6r Tim Frederiksen), d\u00e4r hon specialiserade sig inom kammarmusik som medlem i Trio Nordin.<\/span><\/p><p><span style=\"font-weight: 400;\">Hon har utm\u00e4rkt sig i flera nationella och internationella t\u00e4vlingar inom violin- och kammarmusik, och har tilldelats flera prestigefyllda stipendier, d\u00e4ribland Pro Musica- och Nordea-stipendierna.<\/span><\/p><p><span style=\"font-weight: 400;\">Kreeta-Julia Heikkil\u00e4 spelar p\u00e5 en violin byggd av Andrea Guarneri \u00e5r 1680, utl\u00e5nad av Suomen Kulttuurirahasto.<\/span><\/p>\t\t\t\t\t\t\t\t<\/div>\n\t\t\t\t<\/div>\n\t\t\t\t\t<\/div>\n\t\t<\/div>\n\t\t\t\t\t<\/div>\n\t\t<\/section>\n\t\t\t\t<section class=\"elementor-section elementor-top-section elementor-element elementor-element-1d89c8a elementor-section-boxed elementor-section-height-default elementor-section-height-default\" data-id=\"1d89c8a\" data-element_type=\"section\" data-e-type=\"section\">\n\t\t\t\t\t\t<div class=\"elementor-container elementor-column-gap-default\">\n\t\t\t\t\t<div class=\"elementor-column elementor-col-100 elementor-top-column elementor-element elementor-element-a327cf8\" data-id=\"a327cf8\" data-element_type=\"column\" data-e-type=\"column\">\n\t\t\t<div class=\"elementor-widget-wrap elementor-element-populated\">\n\t\t\t\t\t\t<div class=\"elementor-element elementor-element-4e9491e elementor-widget elementor-widget-spacer\" data-id=\"4e9491e\" data-element_type=\"widget\" data-e-type=\"widget\" data-widget_type=\"spacer.default\">\n\t\t\t\t<div class=\"elementor-widget-container\">\n\t\t\t\t\t\t\t<div class=\"elementor-spacer\">\n\t\t\t<div class=\"elementor-spacer-inner\"><\/div>\n\t\t<\/div>\n\t\t\t\t\t\t<\/div>\n\t\t\t\t<\/div>\n\t\t\t\t\t<\/div>\n\t\t<\/div>\n\t\t\t\t\t<\/div>\n\t\t<\/section>\n\t\t\t\t<section class=\"elementor-section elementor-top-section elementor-element elementor-element-289e7e7 elementor-section-boxed elementor-section-height-default elementor-section-height-default\" data-id=\"289e7e7\" data-element_type=\"section\" data-e-type=\"section\">\n\t\t\t\t\t\t<div class=\"elementor-container elementor-column-gap-default\">\n\t\t\t\t\t<div class=\"elementor-column elementor-col-50 elementor-top-column elementor-element elementor-element-b0f0a18\" data-id=\"b0f0a18\" data-element_type=\"column\" data-e-type=\"column\">\n\t\t\t<div class=\"elementor-widget-wrap elementor-element-populated\">\n\t\t\t\t\t\t<div class=\"elementor-element elementor-element-3c19bd4 elementor-widget__width-initial elementor-widget elementor-widget-image\" data-id=\"3c19bd4\" data-element_type=\"widget\" data-e-type=\"widget\" data-widget_type=\"image.default\">\n\t\t\t\t<div class=\"elementor-widget-container\">\n\t\t\t\t\t\t\t\t\t\t\t\t\t\t\t<img decoding=\"async\" src=\"https:\/\/www.nauvonkamarimusiikki.fi\/wordpress\/wp-content\/uploads\/2013\/05\/Fraki_pienennetty.jpg\" title=\"Sonja Fr\u00e4ki\" alt=\"Kuva: Heikki Tuuli\" loading=\"lazy\" \/>\t\t\t\t\t\t\t\t\t\t\t\t\t\t\t<\/div>\n\t\t\t\t<\/div>\n\t\t\t\t\t<\/div>\n\t\t<\/div>\n\t\t\t\t<div class=\"elementor-column elementor-col-50 elementor-top-column elementor-element elementor-element-4c43658\" data-id=\"4c43658\" data-element_type=\"column\" data-e-type=\"column\">\n\t\t\t<div class=\"elementor-widget-wrap elementor-element-populated\">\n\t\t\t\t\t\t<div class=\"elementor-element elementor-element-62d2202 elementor-widget__width-initial elementor-widget elementor-widget-text-editor\" data-id=\"62d2202\" data-element_type=\"widget\" data-e-type=\"widget\" data-widget_type=\"text-editor.default\">\n\t\t\t\t<div class=\"elementor-widget-container\">\n\t\t\t\t\t\t\t\t\t<h3>Sonja Fr\u00e4ki<\/h3><p><span style=\"font-weight: 400;\">Sonja Fr\u00e4ki (f. 1977 i Helsingfors) \u00e4r en aktiv pianist som \u00e4r k\u00e4nd b\u00e5de som solist och erfaren kammarmusiker. Fr\u00e4ki har en omfattande grundrepertoar i klassiska stycken men \u00e4r \u00e4ven en entusiastisk tolkare av ny musik. Hennes specialitet \u00e4r Kalevi Ahos pianorepertoar, som hon spelat i sin helhet. Ahos verk var \u00e4mne f\u00f6r Fr\u00e4kis konstn\u00e4rliga doktorsavhandling. Hon utexaminerades som doktor i musik vid Konstuniversitetets Sibelius-Akademi \u00e5r 2016.<\/span><\/p><p><span style=\"font-weight: 400;\">Fr\u00e4ki har uppn\u00e5tt framg\u00e5ng i flera internationella pianot\u00e4vlingar. \u00c5r 2008 vann hon tredje priset i Franz Liszt -t\u00e4vlingen i Wroclaw i Polen. \u00c5r 2003 tilldelades hon fj\u00e4rde pris vid den internationella pianot\u00e4vlingen Franz Schubert i Dortmund, d\u00e4r hon \u00e4ven beviljades ett specialpris f\u00f6r den b\u00e4sta tolkningen av Schuberts senare sonater. Hon har ocks\u00e5 bel\u00f6nats vid den internationella Maj Lind -pianot\u00e4vlingen i Helsingfors 2007 samt vid Paderewskit\u00e4vlingen i Polen \u00e5r 1998.<\/span><\/p><p><span style=\"font-weight: 400;\">Sonja Fr\u00e4ki har upptr\u00e4tt som solist med m\u00e5nga orkestrar s\u00e5som Tapiola Sinfonietta, \u00c5bo filharmoniska orkester, Sinfonia Lahti, Neue Philharmonie Westfalen samt Pomeranian Philharmonic Orchestra. Fr\u00e4ki har \u00e4ven gett ut tv\u00e5 soloskivor, av vilka den sistn\u00e4mnda inneh\u00e5ller Kalevi Ahos verk f\u00f6r solistiskt piano- publicerad vid skivbolaget BIS. Musicweb International valde skivan till m\u00e5nadens skiva i mars 2015. Fr\u00e4ki medverkar som pianosolist p\u00e5 \u00c5bo filharmoniska orkesters skiva fr\u00e5n 2018, som inneh\u00e5ller Ahos f\u00f6rsta pianokonsert samt en konsert f\u00f6r pukor, \u00e4ven den under skivbolaget BIS.<\/span><\/p><p><span style=\"font-weight: 400;\">Fr\u00e4ki verkar som lektor i ackompanjemang vid musikinstitutet Juvenalia och som kammarpianist vid Sibelius-Akademin.<\/span><\/p>\t\t\t\t\t\t\t\t<\/div>\n\t\t\t\t<\/div>\n\t\t\t\t\t<\/div>\n\t\t<\/div>\n\t\t\t\t\t<\/div>\n\t\t<\/section>\n\t\t\t\t<section class=\"elementor-section elementor-top-section elementor-element elementor-element-24afbe1 elementor-section-boxed elementor-section-height-default elementor-section-height-default\" data-id=\"24afbe1\" data-element_type=\"section\" data-e-type=\"section\">\n\t\t\t\t\t\t<div class=\"elementor-container elementor-column-gap-default\">\n\t\t\t\t\t<div class=\"elementor-column elementor-col-100 elementor-top-column elementor-element elementor-element-4f536d3\" data-id=\"4f536d3\" data-element_type=\"column\" data-e-type=\"column\">\n\t\t\t<div class=\"elementor-widget-wrap elementor-element-populated\">\n\t\t\t\t\t\t<div class=\"elementor-element elementor-element-fd9f8e3 elementor-widget elementor-widget-spacer\" data-id=\"fd9f8e3\" data-element_type=\"widget\" data-e-type=\"widget\" data-widget_type=\"spacer.default\">\n\t\t\t\t<div class=\"elementor-widget-container\">\n\t\t\t\t\t\t\t<div class=\"elementor-spacer\">\n\t\t\t<div class=\"elementor-spacer-inner\"><\/div>\n\t\t<\/div>\n\t\t\t\t\t\t<\/div>\n\t\t\t\t<\/div>\n\t\t\t\t\t<\/div>\n\t\t<\/div>\n\t\t\t\t\t<\/div>\n\t\t<\/section>\n\t\t\t\t<section class=\"elementor-section elementor-top-section elementor-element elementor-element-36baf0b elementor-section-boxed elementor-section-height-default elementor-section-height-default\" data-id=\"36baf0b\" data-element_type=\"section\" data-e-type=\"section\">\n\t\t\t\t\t\t<div class=\"elementor-container elementor-column-gap-default\">\n\t\t\t\t\t<div class=\"elementor-column elementor-col-50 elementor-top-column elementor-element elementor-element-67bdad8\" data-id=\"67bdad8\" data-element_type=\"column\" data-e-type=\"column\">\n\t\t\t<div class=\"elementor-widget-wrap elementor-element-populated\">\n\t\t\t\t\t\t<div class=\"elementor-element elementor-element-d3d3576 elementor-widget elementor-widget-image\" data-id=\"d3d3576\" data-element_type=\"widget\" data-e-type=\"widget\" data-widget_type=\"image.default\">\n\t\t\t\t<div class=\"elementor-widget-container\">\n\t\t\t\t\t\t\t\t\t\t\t\t\t\t\t<img fetchpriority=\"high\" decoding=\"async\" width=\"1024\" height=\"683\" src=\"https:\/\/www.nauvonkamarimusiikki.fi\/wordpress\/wp-content\/uploads\/2025\/05\/Hanna.Hohti_-1024x683.jpeg\" class=\"attachment-large size-large wp-image-6429\" alt=\"\" srcset=\"https:\/\/www.nauvonkamarimusiikki.fi\/wordpress\/wp-content\/uploads\/2025\/05\/Hanna.Hohti_-1024x683.jpeg 1024w, https:\/\/www.nauvonkamarimusiikki.fi\/wordpress\/wp-content\/uploads\/2025\/05\/Hanna.Hohti_-300x200.jpeg 300w, https:\/\/www.nauvonkamarimusiikki.fi\/wordpress\/wp-content\/uploads\/2025\/05\/Hanna.Hohti_-768x512.jpeg 768w\" sizes=\"(max-width: 1024px) 100vw, 1024px\" \/>\t\t\t\t\t\t\t\t\t\t\t\t\t\t\t<\/div>\n\t\t\t\t<\/div>\n\t\t\t\t\t<\/div>\n\t\t<\/div>\n\t\t\t\t<div class=\"elementor-column elementor-col-50 elementor-top-column elementor-element elementor-element-e970382\" data-id=\"e970382\" data-element_type=\"column\" data-e-type=\"column\">\n\t\t\t<div class=\"elementor-widget-wrap elementor-element-populated\">\n\t\t\t\t\t\t<div class=\"elementor-element elementor-element-c7ca0d6 elementor-widget__width-initial elementor-widget elementor-widget-text-editor\" data-id=\"c7ca0d6\" data-element_type=\"widget\" data-e-type=\"widget\" data-widget_type=\"text-editor.default\">\n\t\t\t\t<div class=\"elementor-widget-container\">\n\t\t\t\t\t\t\t\t\t<h3>Hanna Hohti<\/h3><p data-start=\"41\" data-end=\"494\">Altviolinisten Hanna Hohtis konstn\u00e4rliga fokus ligger p\u00e5 att skapa m\u00e5ngsidiga och intressanta f\u00f6rest\u00e4llningar inom det fria konstf\u00e4ltet. Hannas hj\u00e4rta brinner f\u00f6r elektroakustisk musik, och d\u00e4rf\u00f6r har hon under de senaste \u00e5ren best\u00e4llt flera nordiska soloverk f\u00f6r altviola och elektronik. Hanna har upptr\u00e4tt brett med solokonserten <em data-start=\"348\" data-end=\"355\">Seidr<\/em>\u00a0\u2013 fr\u00e5n Helsingfors Festspel till Huddersfield Contemporary Music Festival. EP:n <em data-start=\"461\" data-end=\"468\">Seidr<\/em> sl\u00e4pptes i november 2024.<\/p><p data-start=\"496\" data-end=\"951\">Ett centralt projekt \u00e4r \u00e4ven att lyfta fram brittisk kammarmusik fr\u00e5n b\u00f6rjan av 1900-talet tillsammans med pianisten Anna Kuvaja. Duons f\u00f6rsta skiva, <em data-start=\"646\" data-end=\"690\">Bowen &amp; Clarke Sonatas for viola and piano<\/em>, gavs ut i februari 2024 p\u00e5 skivm\u00e4rket Alba. Under de senaste \u00e5ren har Hanna Hohti samarbetat t\u00e4tt med tons\u00e4ttaren Lauri Porra, vilket har lett till att hennes spel kan h\u00f6ras bland annat p\u00e5 soundtracken till <em data-start=\"899\" data-end=\"916\">Stormsk\u00e4rs Maja<\/em> och <em data-start=\"921\" data-end=\"950\">Queen of Fucking Everything<\/em>.<\/p><p data-start=\"953\" data-end=\"1058\">I \u00e5tta \u00e5rs tid har Hanna ocks\u00e5 varit med och organiserat Kino Soi!-konserterna i en funkisbiograf i Esbo.<\/p><p data-start=\"1060\" data-end=\"1174\" data-is-last-node=\"\" data-is-only-node=\"\">\u00c5r 2025 beviljades Hanna Hohti ett fyra\u00e5rigt arbetsstipendium av Finlands Kulturfond f\u00f6r sitt konstn\u00e4rliga arbete.<\/p>\t\t\t\t\t\t\t\t<\/div>\n\t\t\t\t<\/div>\n\t\t\t\t\t<\/div>\n\t\t<\/div>\n\t\t\t\t\t<\/div>\n\t\t<\/section>\n\t\t\t\t<section class=\"elementor-section elementor-top-section elementor-element elementor-element-9bfc6da elementor-section-boxed elementor-section-height-default elementor-section-height-default\" data-id=\"9bfc6da\" data-element_type=\"section\" data-e-type=\"section\">\n\t\t\t\t\t\t<div class=\"elementor-container elementor-column-gap-default\">\n\t\t\t\t\t<div class=\"elementor-column elementor-col-100 elementor-top-column elementor-element elementor-element-31bcc97\" data-id=\"31bcc97\" data-element_type=\"column\" data-e-type=\"column\">\n\t\t\t<div class=\"elementor-widget-wrap elementor-element-populated\">\n\t\t\t\t\t\t<div class=\"elementor-element elementor-element-40fc2bd elementor-widget elementor-widget-spacer\" data-id=\"40fc2bd\" data-element_type=\"widget\" data-e-type=\"widget\" data-widget_type=\"spacer.default\">\n\t\t\t\t<div class=\"elementor-widget-container\">\n\t\t\t\t\t\t\t<div class=\"elementor-spacer\">\n\t\t\t<div class=\"elementor-spacer-inner\"><\/div>\n\t\t<\/div>\n\t\t\t\t\t\t<\/div>\n\t\t\t\t<\/div>\n\t\t\t\t\t<\/div>\n\t\t<\/div>\n\t\t\t\t\t<\/div>\n\t\t<\/section>\n\t\t\t\t<section class=\"elementor-section elementor-top-section elementor-element elementor-element-a3a8622 elementor-section-boxed elementor-section-height-default elementor-section-height-default\" data-id=\"a3a8622\" data-element_type=\"section\" data-e-type=\"section\">\n\t\t\t\t\t\t<div class=\"elementor-container elementor-column-gap-default\">\n\t\t\t\t\t<div class=\"elementor-column elementor-col-50 elementor-top-column elementor-element elementor-element-f783314\" data-id=\"f783314\" data-element_type=\"column\" data-e-type=\"column\">\n\t\t\t<div class=\"elementor-widget-wrap elementor-element-populated\">\n\t\t\t\t\t\t<div class=\"elementor-element elementor-element-a7e3eda elementor-widget elementor-widget-image\" data-id=\"a7e3eda\" data-element_type=\"widget\" data-e-type=\"widget\" data-widget_type=\"image.default\">\n\t\t\t\t<div class=\"elementor-widget-container\">\n\t\t\t\t\t\t\t\t\t\t\t\t\t\t\t<img decoding=\"async\" width=\"284\" height=\"423\" src=\"https:\/\/www.nauvonkamarimusiikki.fi\/wordpress\/wp-content\/uploads\/2013\/05\/Lahesmaa_pieni.jpg\" class=\"attachment-large size-large wp-image-1812\" alt=\"\" srcset=\"https:\/\/www.nauvonkamarimusiikki.fi\/wordpress\/wp-content\/uploads\/2013\/05\/Lahesmaa_pieni.jpg 284w, https:\/\/www.nauvonkamarimusiikki.fi\/wordpress\/wp-content\/uploads\/2013\/05\/Lahesmaa_pieni-201x300.jpg 201w\" sizes=\"(max-width: 284px) 100vw, 284px\" \/>\t\t\t\t\t\t\t\t\t\t\t\t\t\t\t<\/div>\n\t\t\t\t<\/div>\n\t\t\t\t\t<\/div>\n\t\t<\/div>\n\t\t\t\t<div class=\"elementor-column elementor-col-50 elementor-top-column elementor-element elementor-element-a0b225e\" data-id=\"a0b225e\" data-element_type=\"column\" data-e-type=\"column\">\n\t\t\t<div class=\"elementor-widget-wrap elementor-element-populated\">\n\t\t\t\t\t\t<div class=\"elementor-element elementor-element-f8fd115 elementor-widget__width-initial elementor-widget elementor-widget-text-editor\" data-id=\"f8fd115\" data-element_type=\"widget\" data-e-type=\"widget\" data-widget_type=\"text-editor.default\">\n\t\t\t\t<div class=\"elementor-widget-container\">\n\t\t\t\t\t\t\t\t\t<h3>Erkki Lahesmaa<\/h3><p><span style=\"font-weight: 400;\">Erkki Lahesmaa tog examen fr\u00e5n Yale University 1993 med en Master of Music-examen under ledning av Aldo Parisot. Sin Bachelor of Music-examen erh\u00f6ll han fr\u00e5n Juilliard School i New York 1990, d\u00e4r hans l\u00e4rare var Harvey Shapiro och Zara Nelsova. Vid \u00c5bo Konservatorium studerade Lahesmaa f\u00f6r Timo Hanhinen. Han har ocks\u00e5 studerat kammarmusik intensivt, bland annat f\u00f6r Juilliard- och Tokyo-kvartetterna. 1990 vann Lahesmaa Juilliard-t\u00e4vlingen i USA och 1986 kom han p\u00e5 andra plats i \u00c5bo cellot\u00e4vling. Han h\u00f6ll sin debutkonsert i Helsingfors 1998.<\/span><\/p><p><span style=\"font-weight: 400;\">Erkki Lahesmaa debuterade p\u00e5 New Yorks Lincoln Center 1990 och har sedan dess upptr\u00e4tt som solist och kammarmusiker i Europa, USA, Kanada, Sydamerika och Japan.<\/span><\/p><p><span style=\"font-weight: 400;\">Erkki Lahesmaa \u00e4r en aktiv f\u00f6respr\u00e5kare f\u00f6r ny musik och flera komposit\u00f6rer har skrivit och dedikerat verk till honom. Lahesmaa har arbetat med bland annat de kanadensiska Arthur-Leblanc- och Tristan-str\u00e5kkvartetterna samt Vancouver Symphony Orchestra. Han \u00e4r \u00e4ven medlem i Plus Ensemble, Turku Ensemble och pianotrion Ad Libitum.<\/span><\/p><p><span style=\"font-weight: 400;\">Lahesmaa har ocks\u00e5 spelat in skivor och den CD han spelade in med Plus Ensemble vann Emma-priset f\u00f6r b\u00e4sta klassiska musikalbum 2010.<\/span><\/p><p><span style=\"font-weight: 400;\">Erkki Lahesmaa \u00e4r lektor i cellomusik samt \u00e4mnesansvarig f\u00f6r str\u00e5kinstrument och kammarmusik vid Konstuniversitetets Sibelius-Akademi. Han \u00e4r \u00e4ven lektor i cellospel vid \u00c5bo yrkesh\u00f6gskola. Han har h\u00e5llit m\u00e4starkurser runt om i v\u00e4rlden, inklusive i London, Peking, Shanghai, Santiago de Chile, Rio de Janeiro, Buenos Aires, Jerevan, San Sebastian, Lissabon, Porto, Glasgow, Weimar, Bremen, Vilnius, Dijon, Bukarest, Bryssel, Sevilla, Valencia, Salamanca, Trieste, Palermo, Oslo, Reykjavik, Bergen, Kristiansand och Stavanger.<\/span><\/p><p><span style=\"font-weight: 400;\">Lahesmaa har varit jurymedlem i flera musikt\u00e4vlingar. 2013 blev han inbjuden att vara jurymedlem i den internationella Hatsaturian-cellot\u00e4vlingen. 2019 var han jurymedlem i den internationella Glazunov-t\u00e4vlingen. Lahesmaa \u00e4r ordf\u00f6rande i organisationskommitt\u00e9n f\u00f6r \u00c5bo cellot\u00e4vling.<\/span><\/p><p><span style=\"font-weight: 400;\">Erkki Lahesmaa \u00e4r konstn\u00e4rlig ledare f\u00f6r Nagu kammarmusikdagar.<\/span><\/p>\t\t\t\t\t\t\t\t<\/div>\n\t\t\t\t<\/div>\n\t\t\t\t\t<\/div>\n\t\t<\/div>\n\t\t\t\t\t<\/div>\n\t\t<\/section>\n\t\t\t\t<section class=\"elementor-section elementor-top-section elementor-element elementor-element-270009a elementor-section-boxed elementor-section-height-default elementor-section-height-default\" data-id=\"270009a\" data-element_type=\"section\" data-e-type=\"section\">\n\t\t\t\t\t\t<div class=\"elementor-container elementor-column-gap-default\">\n\t\t\t\t\t<div class=\"elementor-column elementor-col-100 elementor-top-column elementor-element elementor-element-882787f\" data-id=\"882787f\" data-element_type=\"column\" data-e-type=\"column\">\n\t\t\t<div class=\"elementor-widget-wrap elementor-element-populated\">\n\t\t\t\t\t\t<div class=\"elementor-element elementor-element-f00d1cb elementor-widget elementor-widget-spacer\" data-id=\"f00d1cb\" data-element_type=\"widget\" data-e-type=\"widget\" data-widget_type=\"spacer.default\">\n\t\t\t\t<div class=\"elementor-widget-container\">\n\t\t\t\t\t\t\t<div class=\"elementor-spacer\">\n\t\t\t<div class=\"elementor-spacer-inner\"><\/div>\n\t\t<\/div>\n\t\t\t\t\t\t<\/div>\n\t\t\t\t<\/div>\n\t\t\t\t\t<\/div>\n\t\t<\/div>\n\t\t\t\t\t<\/div>\n\t\t<\/section>\n\t\t\t\t<section class=\"elementor-section elementor-top-section elementor-element elementor-element-3fc4c09 elementor-section-boxed elementor-section-height-default elementor-section-height-default\" data-id=\"3fc4c09\" data-element_type=\"section\" data-e-type=\"section\">\n\t\t\t\t\t\t<div class=\"elementor-container elementor-column-gap-default\">\n\t\t\t\t\t<div class=\"elementor-column elementor-col-50 elementor-top-column elementor-element elementor-element-d15eded\" data-id=\"d15eded\" data-element_type=\"column\" data-e-type=\"column\">\n\t\t\t<div class=\"elementor-widget-wrap elementor-element-populated\">\n\t\t\t\t\t\t<div class=\"elementor-element elementor-element-e5af6f2 elementor-widget elementor-widget-image\" data-id=\"e5af6f2\" data-element_type=\"widget\" data-e-type=\"widget\" data-widget_type=\"image.default\">\n\t\t\t\t<div class=\"elementor-widget-container\">\n\t\t\t\t\t\t\t\t\t\t\t\t\t\t\t<img decoding=\"async\" width=\"1024\" height=\"769\" src=\"https:\/\/www.nauvonkamarimusiikki.fi\/wordpress\/wp-content\/uploads\/2025\/05\/Adele-Sauros-min-1-1024x769.jpeg\" class=\"attachment-large size-large wp-image-6346\" alt=\"\" srcset=\"https:\/\/www.nauvonkamarimusiikki.fi\/wordpress\/wp-content\/uploads\/2025\/05\/Adele-Sauros-min-1-1024x769.jpeg 1024w, https:\/\/www.nauvonkamarimusiikki.fi\/wordpress\/wp-content\/uploads\/2025\/05\/Adele-Sauros-min-1-300x225.jpeg 300w, https:\/\/www.nauvonkamarimusiikki.fi\/wordpress\/wp-content\/uploads\/2025\/05\/Adele-Sauros-min-1-768x577.jpeg 768w\" sizes=\"(max-width: 1024px) 100vw, 1024px\" \/>\t\t\t\t\t\t\t\t\t\t\t\t\t\t\t<\/div>\n\t\t\t\t<\/div>\n\t\t\t\t<div class=\"elementor-element elementor-element-88c40b5 elementor-widget elementor-widget-image\" data-id=\"88c40b5\" data-element_type=\"widget\" data-e-type=\"widget\" data-widget_type=\"image.default\">\n\t\t\t\t<div class=\"elementor-widget-container\">\n\t\t\t\t\t\t\t\t\t\t\t\t\t\t\t<img loading=\"lazy\" decoding=\"async\" width=\"1024\" height=\"683\" src=\"https:\/\/www.nauvonkamarimusiikki.fi\/wordpress\/wp-content\/uploads\/2025\/05\/6-min-1024x683.jpg\" class=\"attachment-large size-large wp-image-6340\" alt=\"\" srcset=\"https:\/\/www.nauvonkamarimusiikki.fi\/wordpress\/wp-content\/uploads\/2025\/05\/6-min-1024x683.jpg 1024w, https:\/\/www.nauvonkamarimusiikki.fi\/wordpress\/wp-content\/uploads\/2025\/05\/6-min-300x200.jpg 300w, https:\/\/www.nauvonkamarimusiikki.fi\/wordpress\/wp-content\/uploads\/2025\/05\/6-min-768x512.jpg 768w\" sizes=\"(max-width: 1024px) 100vw, 1024px\" \/>\t\t\t\t\t\t\t\t\t\t\t\t\t\t\t<\/div>\n\t\t\t\t<\/div>\n\t\t\t\t\t<\/div>\n\t\t<\/div>\n\t\t\t\t<div class=\"elementor-column elementor-col-50 elementor-top-column elementor-element elementor-element-464b4f4\" data-id=\"464b4f4\" data-element_type=\"column\" data-e-type=\"column\">\n\t\t\t<div class=\"elementor-widget-wrap elementor-element-populated\">\n\t\t\t\t\t\t<div class=\"elementor-element elementor-element-42b45a6 elementor-widget__width-initial elementor-widget elementor-widget-text-editor\" data-id=\"42b45a6\" data-element_type=\"widget\" data-e-type=\"widget\" data-widget_type=\"text-editor.default\">\n\t\t\t\t<div class=\"elementor-widget-container\">\n\t\t\t\t\t\t\t\t\t<h3>Duo Sauros-Wilde<\/h3><p><span style=\"font-weight: 400;\">Finska saxofonisten Adele Sauros och den franska gitarristen Wilfried Wilde<\/span> utforskar m\u00f6jligheterna f\u00f6r duon saxofon\u2013gitarr. De f\u00f6renar sina musikaliska personligheter till dynamiska jazzkompositioner och deras improviserade dialoger navigerar genom ett brett k\u00e4nsloregister. Lyssnaren fascineras genast av deras organiska samspel, n\u00e4r de utan anstr\u00e4ngning \u00f6verskrider alla gr\u00e4nser f\u00f6r att f\u00f6rmedla sitt budskap p\u00e5 det mest \u00e4rliga och vackra s\u00e4ttet.<\/p><p>Under konserten framf\u00f6rs b\u00e5de duons egna kompositioner och utvalda jazzstandards. Duon grundades 2023 i Basel, Schweiz, n\u00e4r musikerna spelade tillsammans i Focusyear 2023-ensemblen.<\/p><p><strong>Wilfried Wilde<\/strong> \u00e4r gitarrist och komposit\u00f6r fr\u00e5n Saint-Sever, Frankrike, och bor f\u00f6r n\u00e4rvarande i Basel, Schweiz. De senaste \u00e5ren har han framf\u00f6r allt upptr\u00e4tt i Spanien, d\u00e4r han har flera projekt som har sl\u00e4ppt album, s\u00e5som <em>&#8221;Oscilenscope&#8221;<\/em> (2015) med Wilfried Wilde Quintet, tv\u00e5 album, <em>&#8221;WIZ&#8221;<\/em> (2021) och <em>&#8221;Mosaico&#8221;<\/em> (2023) som ledare f\u00f6r trion WIZ som spelar utan bas, samt LOIROS-albumen <em>&#8221;Loiros&#8221;<\/em> (2019) och <em>&#8221;Back From The Edge&#8221;<\/em> (2023).<\/p><p><strong>Adele Sauros<\/strong> \u00e4r en av de mest aktiva saxofonisterna, komposit\u00f6rerna och bandledarna p\u00e5 den finska och europeiska jazzscenen. Hon turnerar regelbundet runtom i Europa med flera olika grupper, s\u00e5som Adele Sauros Quartet, Katu Kaiku, JAF Trio och Jonathan B\u00e4ckstr\u00f6m Quartet. Hon har tilldelats flera priser och 2021 mottog hon Emma-priset f\u00f6r \u00e5rets b\u00e4sta jazzalbum tillsammans med trummisen Olavi Louhivuoris ensemble Superposition.<\/p>\t\t\t\t\t\t\t\t<\/div>\n\t\t\t\t<\/div>\n\t\t\t\t\t<\/div>\n\t\t<\/div>\n\t\t\t\t\t<\/div>\n\t\t<\/section>\n\t\t\t\t<\/div>\n\t\t","protected":false},"excerpt":{"rendered":"<p>Sebastian Johansson Sebastian Johansson (f. 1997) \u00e4r uppvuxen i J\u00f6nk\u00f6ping och p\u00e5b\u00f6rjade tidigt sin musikaliska bana. Efter musikgymnasium antogs han till organistutbildningen vid Musikh\u00f6gskolan i Malm\u00f6 d\u00e4r han studerade orgel f\u00f6r Hans Hellsten och Carl Adam Landstr\u00f6m. Han har ocks\u00e5 avlagt masterexamen i orgel vid Kungliga Musikh\u00f6gskolan i Stockholm d\u00e4r han studerade f\u00f6r Johannes Landgren,&hellip; <br \/> <a class=\"read-more\" href=\"https:\/\/www.nauvonkamarimusiikki.fi\/?page_id=6367&#038;lang=sv\">Read more<\/a><\/p>\n","protected":false},"author":1,"featured_media":0,"parent":0,"menu_order":0,"comment_status":"closed","ping_status":"closed","template":"","meta":{"footnotes":""},"class_list":["post-6367","page","type-page","status-publish","hentry"],"_links":{"self":[{"href":"https:\/\/www.nauvonkamarimusiikki.fi\/index.php?rest_route=\/wp\/v2\/pages\/6367","targetHints":{"allow":["GET"]}}],"collection":[{"href":"https:\/\/www.nauvonkamarimusiikki.fi\/index.php?rest_route=\/wp\/v2\/pages"}],"about":[{"href":"https:\/\/www.nauvonkamarimusiikki.fi\/index.php?rest_route=\/wp\/v2\/types\/page"}],"author":[{"embeddable":true,"href":"https:\/\/www.nauvonkamarimusiikki.fi\/index.php?rest_route=\/wp\/v2\/users\/1"}],"replies":[{"embeddable":true,"href":"https:\/\/www.nauvonkamarimusiikki.fi\/index.php?rest_route=%2Fwp%2Fv2%2Fcomments&post=6367"}],"version-history":[{"count":13,"href":"https:\/\/www.nauvonkamarimusiikki.fi\/index.php?rest_route=\/wp\/v2\/pages\/6367\/revisions"}],"predecessor-version":[{"id":6469,"href":"https:\/\/www.nauvonkamarimusiikki.fi\/index.php?rest_route=\/wp\/v2\/pages\/6367\/revisions\/6469"}],"wp:attachment":[{"href":"https:\/\/www.nauvonkamarimusiikki.fi\/index.php?rest_route=%2Fwp%2Fv2%2Fmedia&parent=6367"}],"curies":[{"name":"wp","href":"https:\/\/api.w.org\/{rel}","templated":true}]}}