{"id":5857,"date":"2024-06-30T14:32:27","date_gmt":"2024-06-30T11:32:27","guid":{"rendered":"https:\/\/www.nauvonkamarimusiikki.fi\/?page_id=5857"},"modified":"2024-06-30T14:33:45","modified_gmt":"2024-06-30T11:33:45","slug":"astrid-hillerud","status":"publish","type":"page","link":"https:\/\/www.nauvonkamarimusiikki.fi\/?page_id=5857","title":{"rendered":"Astrid Hillerud"},"content":{"rendered":"\t\t<div data-elementor-type=\"wp-page\" data-elementor-id=\"5857\" class=\"elementor elementor-5857 elementor-5828\">\n\t\t\t\t\t\t<section class=\"elementor-section elementor-top-section elementor-element elementor-element-b3ac4b0 elementor-section-boxed elementor-section-height-default elementor-section-height-default\" data-id=\"b3ac4b0\" data-element_type=\"section\" data-e-type=\"section\">\n\t\t\t\t\t\t<div class=\"elementor-container elementor-column-gap-default\">\n\t\t\t\t\t<div class=\"elementor-column elementor-col-66 elementor-top-column elementor-element elementor-element-337e272\" data-id=\"337e272\" data-element_type=\"column\" data-e-type=\"column\">\n\t\t\t<div class=\"elementor-widget-wrap elementor-element-populated\">\n\t\t\t\t\t\t<div class=\"elementor-element elementor-element-56e15fa elementor-widget elementor-widget-text-editor\" data-id=\"56e15fa\" data-element_type=\"widget\" data-e-type=\"widget\" data-widget_type=\"text-editor.default\">\n\t\t\t\t<div class=\"elementor-widget-container\">\n\t\t\t\t\t\t\t\t\t<p><b>Astrid Hillerud<\/b><span style=\"font-weight: 400;\"> (2000) aloitti sellonsoiton nelivuotiaana musiikkikoulu Lilla Akademienissa Tukholmassa Elisabeth Lysell Bjermkvistin ja my\u00f6hemmin Ola Karlssonin oppilaana. Kandidaattitutkintonsa h\u00e4n suoritti Edsbergin linnan musiikki-instituutissa Jakob Koranyin oppilaana ja kev\u00e4\u00e4ll\u00e4 2023 h\u00e4n valmistui maisteriksi Torleif Thed\u00e9enin oppilaana Norjan valtiollisesta musiikkikorkeakoulusta. T\u00e4ll\u00e4 hetkell\u00e4 h\u00e4n on Erkki Lahesmaan oppilaana Sibelius-Akatemialla.<\/span><\/p><p>\u00a0<\/p><p><span style=\"font-weight: 400;\">Astrid on aktiivinen kamarimuusikko, ja h\u00e4n on esiintynyt niin solistina kuin kamarimuusikkona Pohjoismaissa ja Isossa-Britanniassa. Viimeisimmin h\u00e4n on esiintynyt mm. solistina Turussa ja esitt\u00e4nyt kamarimusiikkia K\u00f6\u00f6penhaminan Summer Music Festivalilla 2023, ja h\u00e4n toimii sijaisena pohjoismaisissa Pohjoismaissa. H\u00e4nelle on my\u00f6nnetty useita palkintoja ja stipendej\u00e4 mm. Ruotsin kuninkaallisesta musiikkiakatemialta. T\u00e4ll\u00e4 hetkell\u00e4 h\u00e4n soittaa Johan \u00d6bergin vuonna 1772 rakentamaa selloa.<\/span><\/p>\t\t\t\t\t\t\t\t<\/div>\n\t\t\t\t<\/div>\n\t\t\t\t\t<\/div>\n\t\t<\/div>\n\t\t\t\t<div class=\"elementor-column elementor-col-33 elementor-top-column elementor-element elementor-element-45d2604\" data-id=\"45d2604\" data-element_type=\"column\" data-e-type=\"column\">\n\t\t\t<div class=\"elementor-widget-wrap elementor-element-populated\">\n\t\t\t\t\t\t<div class=\"elementor-element elementor-element-5c3aba9 elementor-widget elementor-widget-image\" data-id=\"5c3aba9\" data-element_type=\"widget\" data-e-type=\"widget\" data-widget_type=\"image.default\">\n\t\t\t\t<div class=\"elementor-widget-container\">\n\t\t\t\t\t\t\t\t\t\t\t\t\t\t\t<img fetchpriority=\"high\" decoding=\"async\" width=\"1024\" height=\"648\" src=\"https:\/\/www.nauvonkamarimusiikki.fi\/wordpress\/wp-content\/uploads\/2024\/06\/FV4A4982-1024x648.jpeg\" class=\"attachment-large size-large wp-image-5725\" alt=\"\" srcset=\"https:\/\/www.nauvonkamarimusiikki.fi\/wordpress\/wp-content\/uploads\/2024\/06\/FV4A4982-1024x648.jpeg 1024w, https:\/\/www.nauvonkamarimusiikki.fi\/wordpress\/wp-content\/uploads\/2024\/06\/FV4A4982-300x190.jpeg 300w, https:\/\/www.nauvonkamarimusiikki.fi\/wordpress\/wp-content\/uploads\/2024\/06\/FV4A4982-768x486.jpeg 768w, https:\/\/www.nauvonkamarimusiikki.fi\/wordpress\/wp-content\/uploads\/2024\/06\/FV4A4982.jpeg 1500w\" sizes=\"(max-width: 1024px) 100vw, 1024px\" \/>\t\t\t\t\t\t\t\t\t\t\t\t\t\t\t<\/div>\n\t\t\t\t<\/div>\n\t\t\t\t\t<\/div>\n\t\t<\/div>\n\t\t\t\t\t<\/div>\n\t\t<\/section>\n\t\t\t\t<\/div>\n\t\t","protected":false},"excerpt":{"rendered":"<p>Astrid Hillerud (2000) aloitti sellonsoiton nelivuotiaana musiikkikoulu Lilla Akademienissa Tukholmassa Elisabeth Lysell Bjermkvistin ja my\u00f6hemmin Ola Karlssonin oppilaana. Kandidaattitutkintonsa h\u00e4n suoritti Edsbergin linnan musiikki-instituutissa Jakob Koranyin oppilaana ja kev\u00e4\u00e4ll\u00e4 2023 h\u00e4n valmistui maisteriksi Torleif Thed\u00e9enin oppilaana Norjan valtiollisesta musiikkikorkeakoulusta. T\u00e4ll\u00e4 hetkell\u00e4 h\u00e4n on Erkki Lahesmaan oppilaana Sibelius-Akatemialla. \u00a0 Astrid on aktiivinen kamarimuusikko, ja h\u00e4n on&hellip; <br \/> <a class=\"read-more\" href=\"https:\/\/www.nauvonkamarimusiikki.fi\/?page_id=5857\">Read more<\/a><\/p>\n","protected":false},"author":1,"featured_media":0,"parent":0,"menu_order":0,"comment_status":"closed","ping_status":"closed","template":"","meta":{"footnotes":""},"class_list":["post-5857","page","type-page","status-publish","hentry"],"_links":{"self":[{"href":"https:\/\/www.nauvonkamarimusiikki.fi\/index.php?rest_route=\/wp\/v2\/pages\/5857","targetHints":{"allow":["GET"]}}],"collection":[{"href":"https:\/\/www.nauvonkamarimusiikki.fi\/index.php?rest_route=\/wp\/v2\/pages"}],"about":[{"href":"https:\/\/www.nauvonkamarimusiikki.fi\/index.php?rest_route=\/wp\/v2\/types\/page"}],"author":[{"embeddable":true,"href":"https:\/\/www.nauvonkamarimusiikki.fi\/index.php?rest_route=\/wp\/v2\/users\/1"}],"replies":[{"embeddable":true,"href":"https:\/\/www.nauvonkamarimusiikki.fi\/index.php?rest_route=%2Fwp%2Fv2%2Fcomments&post=5857"}],"version-history":[{"count":4,"href":"https:\/\/www.nauvonkamarimusiikki.fi\/index.php?rest_route=\/wp\/v2\/pages\/5857\/revisions"}],"predecessor-version":[{"id":5863,"href":"https:\/\/www.nauvonkamarimusiikki.fi\/index.php?rest_route=\/wp\/v2\/pages\/5857\/revisions\/5863"}],"wp:attachment":[{"href":"https:\/\/www.nauvonkamarimusiikki.fi\/index.php?rest_route=%2Fwp%2Fv2%2Fmedia&parent=5857"}],"curies":[{"name":"wp","href":"https:\/\/api.w.org\/{rel}","templated":true}]}}