{"id":3560,"date":"2021-02-20T21:33:40","date_gmt":"2021-02-20T19:33:40","guid":{"rendered":"https:\/\/www.nauvonkamarimusiikki.fi\/?page_id=3560"},"modified":"2025-05-22T18:11:51","modified_gmt":"2025-05-22T15:11:51","slug":"valkommen","status":"publish","type":"page","link":"https:\/\/www.nauvonkamarimusiikki.fi\/?page_id=3560&lang=sv","title":{"rendered":"V\u00e4lkommen!"},"content":{"rendered":"\t\t<div data-elementor-type=\"wp-page\" data-elementor-id=\"3560\" class=\"elementor elementor-3560 elementor-3550\">\n\t\t\t\t\t\t<section class=\"elementor-section elementor-top-section elementor-element elementor-element-fff86ac elementor-section-boxed elementor-section-height-default elementor-section-height-default\" data-id=\"fff86ac\" data-element_type=\"section\" data-e-type=\"section\">\n\t\t\t\t\t\t<div class=\"elementor-container elementor-column-gap-default\">\n\t\t\t\t\t<div class=\"elementor-column elementor-col-100 elementor-top-column elementor-element elementor-element-8dff2be\" data-id=\"8dff2be\" data-element_type=\"column\" data-e-type=\"column\">\n\t\t\t<div class=\"elementor-widget-wrap elementor-element-populated\">\n\t\t\t\t\t\t<div class=\"elementor-element elementor-element-fdafa31 elementor-widget elementor-widget-text-editor\" data-id=\"fdafa31\" data-element_type=\"widget\" data-e-type=\"widget\" data-widget_type=\"text-editor.default\">\n\t\t\t\t<div class=\"elementor-widget-container\">\n\t\t\t\t\t\t\t\t\t<h1 style=\"text-align: center;\"><strong><span style=\"color: rgba(0, 6, 9, 0.968627450980392); font-family: Arial, sans-serif;\"><span style=\"font-size: 31px;\">Nagu kammarmusikdagar ljuder igen 2-6.7.<\/span><\/span><\/strong><strong><span style=\"color: rgba(0, 6, 9, 0.968627450980392); font-family: Arial, sans-serif;\"><span style=\"font-size: 31px;\">2025!<\/span><\/span><\/strong><\/h1><p style=\"text-align: left;\">\u00a0<\/p>\t\t\t\t\t\t\t\t<\/div>\n\t\t\t\t<\/div>\n\t\t\t\t\t<\/div>\n\t\t<\/div>\n\t\t\t\t\t<\/div>\n\t\t<\/section>\n\t\t\t\t<section class=\"elementor-section elementor-top-section elementor-element elementor-element-98634db elementor-section-boxed elementor-section-height-default elementor-section-height-default\" data-id=\"98634db\" data-element_type=\"section\" data-e-type=\"section\">\n\t\t\t\t\t\t<div class=\"elementor-container elementor-column-gap-default\">\n\t\t\t\t\t<div class=\"elementor-column elementor-col-50 elementor-top-column elementor-element elementor-element-6ee28f5\" data-id=\"6ee28f5\" data-element_type=\"column\" data-e-type=\"column\">\n\t\t\t<div class=\"elementor-widget-wrap elementor-element-populated\">\n\t\t\t\t\t\t<div class=\"elementor-element elementor-element-92fd46c elementor-widget elementor-widget-text-editor\" data-id=\"92fd46c\" data-element_type=\"widget\" data-e-type=\"widget\" data-widget_type=\"text-editor.default\">\n\t\t\t\t<div class=\"elementor-widget-container\">\n\t\t\t\t\t\t\t\t\t<h4 class=\"x11i5rnm xat24cr x1mh8g0r x1vvkbs xtlvy1s x126k92a\">Nagu kammarmusikdagar ljuder igen 2-6.7.2025 p\u00e5 flera st\u00e4llen runt i Nagu!\u00a0<\/h4><p>Under veckan h\u00f6r vi orgelimprovisation med svenska orgelkonstn\u00e4ren Sebastian Johansson, en duokonsert med valthorn och violin p\u00e5 Sj\u00e4l\u00f6, en soloviolinkonsert med Kuopio violint\u00e4vlingens vinnare Amanda Ernesaks, fina kammarmusikkonserter p\u00e5 fredag och l\u00f6rdag d\u00e4r vi firar Ravel och h\u00f6r uruppf\u00f6rande av Seppo Pohjolas solocelloverk, samt en jazzkonsert p\u00e5 Br\u00e4nnsk\u00e4r!<\/p><p>Programmet har publicerats och biljettern \u00e4r i salu via <a href=\"https:\/\/www.netticket.fi\/nauvon-kamarimusiikkipaivat-25\">Netticket.fi<\/a>!<\/p><h4 class=\"x11i5rnm xat24cr x1mh8g0r x1vvkbs xtlvy1s x126k92a\">\u00a0<\/h4><h4 dir=\"auto\">Varmt v\u00e4lkomna att njuta av sk\u00e4rg\u00e5rdens toner!<\/h4>\t\t\t\t\t\t\t\t<\/div>\n\t\t\t\t<\/div>\n\t\t\t\t\t<\/div>\n\t\t<\/div>\n\t\t\t\t<div class=\"elementor-column elementor-col-50 elementor-top-column elementor-element elementor-element-7070bb1\" data-id=\"7070bb1\" data-element_type=\"column\" data-e-type=\"column\">\n\t\t\t<div class=\"elementor-widget-wrap elementor-element-populated\">\n\t\t\t\t\t\t<div class=\"elementor-element elementor-element-a0f08a8 elementor-widget elementor-widget-image\" data-id=\"a0f08a8\" data-element_type=\"widget\" data-e-type=\"widget\" data-widget_type=\"image.default\">\n\t\t\t\t<div class=\"elementor-widget-container\">\n\t\t\t\t\t\t\t\t\t\t\t\t\t\t\t<img fetchpriority=\"high\" decoding=\"async\" width=\"1024\" height=\"1024\" src=\"https:\/\/www.nauvonkamarimusiikki.fi\/wordpress\/wp-content\/uploads\/2025\/04\/Nauvon-kamarimusiikkifestivalit-nelio-1024x1024.jpg\" class=\"attachment-large size-large wp-image-6049\" alt=\"\" srcset=\"https:\/\/www.nauvonkamarimusiikki.fi\/wordpress\/wp-content\/uploads\/2025\/04\/Nauvon-kamarimusiikkifestivalit-nelio-1024x1024.jpg 1024w, https:\/\/www.nauvonkamarimusiikki.fi\/wordpress\/wp-content\/uploads\/2025\/04\/Nauvon-kamarimusiikkifestivalit-nelio-300x300.jpg 300w, https:\/\/www.nauvonkamarimusiikki.fi\/wordpress\/wp-content\/uploads\/2025\/04\/Nauvon-kamarimusiikkifestivalit-nelio-150x150.jpg 150w, https:\/\/www.nauvonkamarimusiikki.fi\/wordpress\/wp-content\/uploads\/2025\/04\/Nauvon-kamarimusiikkifestivalit-nelio-768x768.jpg 768w, https:\/\/www.nauvonkamarimusiikki.fi\/wordpress\/wp-content\/uploads\/2025\/04\/Nauvon-kamarimusiikkifestivalit-nelio-1080x1080.jpg 1080w, https:\/\/www.nauvonkamarimusiikki.fi\/wordpress\/wp-content\/uploads\/2025\/04\/Nauvon-kamarimusiikkifestivalit-nelio.jpg 1200w\" sizes=\"(max-width: 1024px) 100vw, 1024px\" \/>\t\t\t\t\t\t\t\t\t\t\t\t\t\t\t<\/div>\n\t\t\t\t<\/div>\n\t\t\t\t\t<\/div>\n\t\t<\/div>\n\t\t\t\t\t<\/div>\n\t\t<\/section>\n\t\t\t\t<section class=\"elementor-section elementor-top-section elementor-element elementor-element-b51dcc4 elementor-section-boxed elementor-section-height-default elementor-section-height-default\" data-id=\"b51dcc4\" data-element_type=\"section\" data-e-type=\"section\">\n\t\t\t\t\t\t<div class=\"elementor-container elementor-column-gap-default\">\n\t\t\t\t\t<div class=\"elementor-column elementor-col-100 elementor-top-column elementor-element elementor-element-4c3d9ea\" data-id=\"4c3d9ea\" data-element_type=\"column\" data-e-type=\"column\">\n\t\t\t<div class=\"elementor-widget-wrap elementor-element-populated\">\n\t\t\t\t\t\t<div class=\"elementor-element elementor-element-6be57f8 elementor-widget elementor-widget-text-editor\" data-id=\"6be57f8\" data-element_type=\"widget\" data-e-type=\"widget\" data-widget_type=\"text-editor.default\">\n\t\t\t\t<div class=\"elementor-widget-container\">\n\t\t\t\t\t\t\t\t\t<h3 style=\"text-align: center;\">Festivalsommaren 2023<\/h3>\t\t\t\t\t\t\t\t<\/div>\n\t\t\t\t<\/div>\n\t\t\t\t<div class=\"elementor-element elementor-element-a36e3a9 elementor-arrows-position-inside elementor-pagination-position-outside elementor-widget elementor-widget-image-carousel\" data-id=\"a36e3a9\" data-element_type=\"widget\" data-e-type=\"widget\" data-settings=\"{&quot;navigation&quot;:&quot;both&quot;,&quot;autoplay&quot;:&quot;yes&quot;,&quot;pause_on_hover&quot;:&quot;yes&quot;,&quot;pause_on_interaction&quot;:&quot;yes&quot;,&quot;autoplay_speed&quot;:5000,&quot;infinite&quot;:&quot;yes&quot;,&quot;speed&quot;:500}\" data-widget_type=\"image-carousel.default\">\n\t\t\t\t<div class=\"elementor-widget-container\">\n\t\t\t\t\t\t\t<div class=\"elementor-image-carousel-wrapper swiper\" role=\"region\" aria-roledescription=\"carousel\" aria-label=\"Kuvakaruselli\" dir=\"ltr\">\n\t\t\t<div class=\"elementor-image-carousel swiper-wrapper\" aria-live=\"off\">\n\t\t\t\t\t\t\t\t<div class=\"swiper-slide\" role=\"group\" aria-roledescription=\"slide\" aria-label=\"1 av 11\"><figure class=\"swiper-slide-inner\"><img decoding=\"async\" class=\"swiper-slide-image\" src=\"https:\/\/www.nauvonkamarimusiikki.fi\/wordpress\/wp-content\/uploads\/2024\/05\/Tatu-Kauppinen-ja-David-Munk-Nielsen-29-768x768.jpg\" alt=\"Tatu Kauppinen ja David Munk-Nielsen-29\" \/><\/figure><\/div><div class=\"swiper-slide\" role=\"group\" aria-roledescription=\"slide\" aria-label=\"2 av 11\"><figure class=\"swiper-slide-inner\"><img decoding=\"async\" class=\"swiper-slide-image\" src=\"https:\/\/www.nauvonkamarimusiikki.fi\/wordpress\/wp-content\/uploads\/2024\/05\/Erkki-Lahesmaa-18-768x513.jpg\" alt=\"Erkki Lahesmaa-18\" \/><\/figure><\/div><div class=\"swiper-slide\" role=\"group\" aria-roledescription=\"slide\" aria-label=\"3 av 11\"><figure class=\"swiper-slide-inner\"><img decoding=\"async\" class=\"swiper-slide-image\" src=\"https:\/\/www.nauvonkamarimusiikki.fi\/wordpress\/wp-content\/uploads\/2024\/05\/Erkki-Lahesmaa-1-768x513.jpg\" alt=\"Erkki Lahesmaa-1\" \/><\/figure><\/div><div class=\"swiper-slide\" role=\"group\" aria-roledescription=\"slide\" aria-label=\"4 av 11\"><figure class=\"swiper-slide-inner\"><img decoding=\"async\" class=\"swiper-slide-image\" src=\"https:\/\/www.nauvonkamarimusiikki.fi\/wordpress\/wp-content\/uploads\/2024\/05\/Oona-ja-Aino-Brannskar-41-768x1150.jpg\" alt=\"Oona ja Aino Br\u00e4nnsk\u00e4r-41\" \/><\/figure><\/div><div class=\"swiper-slide\" role=\"group\" aria-roledescription=\"slide\" aria-label=\"5 av 11\"><figure class=\"swiper-slide-inner\"><img decoding=\"async\" class=\"swiper-slide-image\" src=\"https:\/\/www.nauvonkamarimusiikki.fi\/wordpress\/wp-content\/uploads\/2024\/05\/Ur-kamarn-20-768x513.jpg\" alt=\"Ur-kamarn-20\" \/><\/figure><\/div><div class=\"swiper-slide\" role=\"group\" aria-roledescription=\"slide\" aria-label=\"6 av 11\"><figure class=\"swiper-slide-inner\"><img decoding=\"async\" class=\"swiper-slide-image\" src=\"https:\/\/www.nauvonkamarimusiikki.fi\/wordpress\/wp-content\/uploads\/2024\/05\/Tatu-Kauppinen-ja-David-Munk-Nielsen-7-768x513.jpg\" alt=\"Tatu Kauppinen ja David Munk-Nielsen-7\" \/><\/figure><\/div><div class=\"swiper-slide\" role=\"group\" aria-roledescription=\"slide\" aria-label=\"7 av 11\"><figure class=\"swiper-slide-inner\"><img decoding=\"async\" class=\"swiper-slide-image\" src=\"https:\/\/www.nauvonkamarimusiikki.fi\/wordpress\/wp-content\/uploads\/2024\/05\/Tiina-Ilonen-9-1-768x1150.jpg\" alt=\"Tiina Ilonen-9 (1)\" \/><\/figure><\/div><div class=\"swiper-slide\" role=\"group\" aria-roledescription=\"slide\" aria-label=\"8 av 11\"><figure class=\"swiper-slide-inner\"><img decoding=\"async\" class=\"swiper-slide-image\" src=\"https:\/\/www.nauvonkamarimusiikki.fi\/wordpress\/wp-content\/uploads\/2024\/05\/Erkki-Lahesmaa-10-768x288.jpg\" alt=\"Erkki Lahesmaa-10\" \/><\/figure><\/div><div class=\"swiper-slide\" role=\"group\" aria-roledescription=\"slide\" aria-label=\"9 av 11\"><figure class=\"swiper-slide-inner\"><img decoding=\"async\" class=\"swiper-slide-image\" src=\"https:\/\/www.nauvonkamarimusiikki.fi\/wordpress\/wp-content\/uploads\/2024\/05\/Oona-ja-Aino-Brannskar-10-768x513.jpg\" alt=\"Oona ja Aino Br\u00e4nnsk\u00e4r-10\" \/><\/figure><\/div><div class=\"swiper-slide\" role=\"group\" aria-roledescription=\"slide\" aria-label=\"10 av 11\"><figure class=\"swiper-slide-inner\"><img decoding=\"async\" class=\"swiper-slide-image\" src=\"https:\/\/www.nauvonkamarimusiikki.fi\/wordpress\/wp-content\/uploads\/2024\/05\/Ur-kamarn-23-768x1278.jpg\" alt=\"Ur-kamarn-23\" \/><\/figure><\/div><div class=\"swiper-slide\" role=\"group\" aria-roledescription=\"slide\" aria-label=\"11 av 11\"><figure class=\"swiper-slide-inner\"><img decoding=\"async\" class=\"swiper-slide-image\" src=\"https:\/\/www.nauvonkamarimusiikki.fi\/wordpress\/wp-content\/uploads\/2024\/05\/Ur-kamarn-17-768x513.jpg\" alt=\"Ur-kamarn-17\" \/><\/figure><\/div>\t\t\t<\/div>\n\t\t\t\t\t\t\t\t\t\t\t\t<div class=\"elementor-swiper-button elementor-swiper-button-prev\" role=\"button\" tabindex=\"0\">\n\t\t\t\t\t\t<i aria-hidden=\"true\" class=\"eicon-chevron-left\"><\/i>\t\t\t\t\t<\/div>\n\t\t\t\t\t<div class=\"elementor-swiper-button elementor-swiper-button-next\" role=\"button\" tabindex=\"0\">\n\t\t\t\t\t\t<i aria-hidden=\"true\" class=\"eicon-chevron-right\"><\/i>\t\t\t\t\t<\/div>\n\t\t\t\t\n\t\t\t\t\t\t\t\t\t<div class=\"swiper-pagination\"><\/div>\n\t\t\t\t\t\t\t\t\t<\/div>\n\t\t\t\t\t\t<\/div>\n\t\t\t\t<\/div>\n\t\t\t\t\t<\/div>\n\t\t<\/div>\n\t\t\t\t\t<\/div>\n\t\t<\/section>\n\t\t\t\t<section class=\"elementor-section elementor-top-section elementor-element elementor-element-f11d0ef elementor-section-boxed elementor-section-height-default elementor-section-height-default\" data-id=\"f11d0ef\" data-element_type=\"section\" data-e-type=\"section\">\n\t\t\t\t\t\t<div class=\"elementor-container elementor-column-gap-default\">\n\t\t\t\t\t<div class=\"elementor-column elementor-col-100 elementor-top-column elementor-element elementor-element-93764d1\" data-id=\"93764d1\" data-element_type=\"column\" data-e-type=\"column\">\n\t\t\t<div class=\"elementor-widget-wrap elementor-element-populated\">\n\t\t\t\t\t\t<div class=\"elementor-element elementor-element-e49172b elementor-shape-circle elementor-grid-0 e-grid-align-center elementor-widget elementor-widget-social-icons\" data-id=\"e49172b\" data-element_type=\"widget\" data-e-type=\"widget\" data-widget_type=\"social-icons.default\">\n\t\t\t\t<div class=\"elementor-widget-container\">\n\t\t\t\t\t\t\t<div class=\"elementor-social-icons-wrapper elementor-grid\" role=\"list\">\n\t\t\t\t\t\t\t<span class=\"elementor-grid-item\" role=\"listitem\">\n\t\t\t\t\t<a class=\"elementor-icon elementor-social-icon elementor-social-icon-facebook elementor-animation-grow elementor-repeater-item-c02416b\" href=\"https:\/\/www.facebook.com\/NauvonKamarimusiikki\" target=\"_blank\">\n\t\t\t\t\t\t<span class=\"elementor-screen-only\">Facebook<\/span>\n\t\t\t\t\t\t<i aria-hidden=\"true\" class=\"fab fa-facebook\"><\/i>\t\t\t\t\t<\/a>\n\t\t\t\t<\/span>\n\t\t\t\t\t\t\t<span class=\"elementor-grid-item\" role=\"listitem\">\n\t\t\t\t\t<a class=\"elementor-icon elementor-social-icon elementor-social-icon-instagram elementor-animation-grow elementor-repeater-item-2dfeb1f\" href=\"https:\/\/www.instagram.com\/nauvonkamarimusiikki\/\" target=\"_blank\">\n\t\t\t\t\t\t<span class=\"elementor-screen-only\">Instagram<\/span>\n\t\t\t\t\t\t<i aria-hidden=\"true\" class=\"fab fa-instagram\"><\/i>\t\t\t\t\t<\/a>\n\t\t\t\t<\/span>\n\t\t\t\t\t<\/div>\n\t\t\t\t\t\t<\/div>\n\t\t\t\t<\/div>\n\t\t\t\t\t<\/div>\n\t\t<\/div>\n\t\t\t\t\t<\/div>\n\t\t<\/section>\n\t\t\t\t<\/div>\n\t\t","protected":false},"excerpt":{"rendered":"<p>Nagu kammarmusikdagar ljuder igen 2-6.7.2025! \u00a0 Nagu kammarmusikdagar ljuder igen 2-6.7.2025 p\u00e5 flera st\u00e4llen runt i Nagu!\u00a0 Under veckan h\u00f6r vi orgelimprovisation med svenska orgelkonstn\u00e4ren Sebastian Johansson, en duokonsert med valthorn och violin p\u00e5 Sj\u00e4l\u00f6, en soloviolinkonsert med Kuopio violint\u00e4vlingens vinnare Amanda Ernesaks, fina kammarmusikkonserter p\u00e5 fredag och l\u00f6rdag d\u00e4r vi firar Ravel och h\u00f6r&hellip; <br \/> <a class=\"read-more\" href=\"https:\/\/www.nauvonkamarimusiikki.fi\/?page_id=3560&#038;lang=sv\">Read more<\/a><\/p>\n","protected":false},"author":1,"featured_media":0,"parent":0,"menu_order":0,"comment_status":"closed","ping_status":"closed","template":"","meta":{"footnotes":""},"class_list":["post-3560","page","type-page","status-publish","hentry"],"_links":{"self":[{"href":"https:\/\/www.nauvonkamarimusiikki.fi\/index.php?rest_route=\/wp\/v2\/pages\/3560","targetHints":{"allow":["GET"]}}],"collection":[{"href":"https:\/\/www.nauvonkamarimusiikki.fi\/index.php?rest_route=\/wp\/v2\/pages"}],"about":[{"href":"https:\/\/www.nauvonkamarimusiikki.fi\/index.php?rest_route=\/wp\/v2\/types\/page"}],"author":[{"embeddable":true,"href":"https:\/\/www.nauvonkamarimusiikki.fi\/index.php?rest_route=\/wp\/v2\/users\/1"}],"replies":[{"embeddable":true,"href":"https:\/\/www.nauvonkamarimusiikki.fi\/index.php?rest_route=%2Fwp%2Fv2%2Fcomments&post=3560"}],"version-history":[{"count":90,"href":"https:\/\/www.nauvonkamarimusiikki.fi\/index.php?rest_route=\/wp\/v2\/pages\/3560\/revisions"}],"predecessor-version":[{"id":6409,"href":"https:\/\/www.nauvonkamarimusiikki.fi\/index.php?rest_route=\/wp\/v2\/pages\/3560\/revisions\/6409"}],"wp:attachment":[{"href":"https:\/\/www.nauvonkamarimusiikki.fi\/index.php?rest_route=%2Fwp%2Fv2%2Fmedia&parent=3560"}],"curies":[{"name":"wp","href":"https:\/\/api.w.org\/{rel}","templated":true}]}}