{"id":3291,"date":"2020-03-08T09:58:37","date_gmt":"2020-03-08T07:58:37","guid":{"rendered":"https:\/\/www.nauvonkamarimusiikki.fi\/?page_id=3291"},"modified":"2025-06-26T10:29:11","modified_gmt":"2025-06-26T07:29:11","slug":"rosetta-ensemble","status":"publish","type":"page","link":"https:\/\/www.nauvonkamarimusiikki.fi\/?page_id=3291&lang=sv","title":{"rendered":"Program 2025"},"content":{"rendered":"\t\t<div data-elementor-type=\"wp-post\" data-elementor-id=\"3291\" class=\"elementor elementor-3291 elementor-3253\">\n\t\t\t\t\t\t<section class=\"elementor-section elementor-top-section elementor-element elementor-element-8a358cf elementor-section-boxed elementor-section-height-default elementor-section-height-default\" data-id=\"8a358cf\" data-element_type=\"section\" data-e-type=\"section\" data-settings=\"{&quot;background_background&quot;:&quot;classic&quot;,&quot;shape_divider_bottom&quot;:&quot;mountains&quot;}\">\n\t\t\t\t\t<div class=\"elementor-shape elementor-shape-bottom\" aria-hidden=\"true\" data-negative=\"false\">\n\t\t\t<svg xmlns=\"http:\/\/www.w3.org\/2000\/svg\" viewBox=\"0 0 1000 100\" preserveAspectRatio=\"none\">\n\t<path class=\"elementor-shape-fill\" opacity=\"0.33\" d=\"M473,67.3c-203.9,88.3-263.1-34-320.3,0C66,119.1,0,59.7,0,59.7V0h1000v59.7 c0,0-62.1,26.1-94.9,29.3c-32.8,3.3-62.8-12.3-75.8-22.1C806,49.6,745.3,8.7,694.9,4.7S492.4,59,473,67.3z\"\/>\n\t<path class=\"elementor-shape-fill\" opacity=\"0.66\" d=\"M734,67.3c-45.5,0-77.2-23.2-129.1-39.1c-28.6-8.7-150.3-10.1-254,39.1 s-91.7-34.4-149.2,0C115.7,118.3,0,39.8,0,39.8V0h1000v36.5c0,0-28.2-18.5-92.1-18.5C810.2,18.1,775.7,67.3,734,67.3z\"\/>\n\t<path class=\"elementor-shape-fill\" d=\"M766.1,28.9c-200-57.5-266,65.5-395.1,19.5C242,1.8,242,5.4,184.8,20.6C128,35.8,132.3,44.9,89.9,52.5C28.6,63.7,0,0,0,0 h1000c0,0-9.9,40.9-83.6,48.1S829.6,47,766.1,28.9z\"\/>\n<\/svg>\t\t<\/div>\n\t\t\t\t\t<div class=\"elementor-container elementor-column-gap-default\">\n\t\t\t\t\t<div class=\"elementor-column elementor-col-25 elementor-top-column elementor-element elementor-element-a74c8c9\" data-id=\"a74c8c9\" data-element_type=\"column\" data-e-type=\"column\">\n\t\t\t<div class=\"elementor-widget-wrap elementor-element-populated\">\n\t\t\t\t\t\t<div class=\"elementor-element elementor-element-b04a013 elementor-widget elementor-widget-text-editor\" data-id=\"b04a013\" data-element_type=\"widget\" data-e-type=\"widget\" data-widget_type=\"text-editor.default\">\n\t\t\t\t<div class=\"elementor-widget-container\">\n\t\t\t\t\t\t\t\t\t<h4><strong>Tid<\/strong><\/h4>\t\t\t\t\t\t\t\t<\/div>\n\t\t\t\t<\/div>\n\t\t\t\t\t<\/div>\n\t\t<\/div>\n\t\t\t\t<div class=\"elementor-column elementor-col-50 elementor-top-column elementor-element elementor-element-61a81ce\" data-id=\"61a81ce\" data-element_type=\"column\" data-e-type=\"column\">\n\t\t\t<div class=\"elementor-widget-wrap elementor-element-populated\">\n\t\t\t\t\t\t<div class=\"elementor-element elementor-element-db16b41 elementor-widget elementor-widget-text-editor\" data-id=\"db16b41\" data-element_type=\"widget\" data-e-type=\"widget\" data-widget_type=\"text-editor.default\">\n\t\t\t\t<div class=\"elementor-widget-container\">\n\t\t\t\t\t\t\t\t\t<h4><strong>Konsert<\/strong><\/h4>\t\t\t\t\t\t\t\t<\/div>\n\t\t\t\t<\/div>\n\t\t\t\t\t<\/div>\n\t\t<\/div>\n\t\t\t\t<div class=\"elementor-column elementor-col-25 elementor-top-column elementor-element elementor-element-f5405c9\" data-id=\"f5405c9\" data-element_type=\"column\" data-e-type=\"column\">\n\t\t\t<div class=\"elementor-widget-wrap elementor-element-populated\">\n\t\t\t\t\t\t<div class=\"elementor-element elementor-element-bc6ffb2 elementor-widget elementor-widget-text-editor\" data-id=\"bc6ffb2\" data-element_type=\"widget\" data-e-type=\"widget\" data-widget_type=\"text-editor.default\">\n\t\t\t\t<div class=\"elementor-widget-container\">\n\t\t\t\t\t\t\t\t\t<h4><strong>Plats och priser<\/strong><\/h4>\t\t\t\t\t\t\t\t<\/div>\n\t\t\t\t<\/div>\n\t\t\t\t\t<\/div>\n\t\t<\/div>\n\t\t\t\t\t<\/div>\n\t\t<\/section>\n\t\t\t\t<section class=\"elementor-section elementor-top-section elementor-element elementor-element-df44835 elementor-section-boxed elementor-section-height-default elementor-section-height-default\" data-id=\"df44835\" data-element_type=\"section\" data-e-type=\"section\" data-settings=\"{&quot;background_background&quot;:&quot;classic&quot;}\">\n\t\t\t\t\t\t<div class=\"elementor-container elementor-column-gap-default\">\n\t\t\t\t\t<div class=\"elementor-column elementor-col-25 elementor-top-column elementor-element elementor-element-de36df9\" data-id=\"de36df9\" data-element_type=\"column\" data-e-type=\"column\">\n\t\t\t<div class=\"elementor-widget-wrap elementor-element-populated\">\n\t\t\t\t\t\t<div class=\"elementor-element elementor-element-0f2b001 elementor-widget elementor-widget-text-editor\" data-id=\"0f2b001\" data-element_type=\"widget\" data-e-type=\"widget\" data-widget_type=\"text-editor.default\">\n\t\t\t\t<div class=\"elementor-widget-container\">\n\t\t\t\t\t\t\t\t\t<h5>on 2.7.2025 kl. 18<\/h5>\t\t\t\t\t\t\t\t<\/div>\n\t\t\t\t<\/div>\n\t\t\t\t\t<\/div>\n\t\t<\/div>\n\t\t\t\t<div class=\"elementor-column elementor-col-50 elementor-top-column elementor-element elementor-element-3b720dd\" data-id=\"3b720dd\" data-element_type=\"column\" data-e-type=\"column\">\n\t\t\t<div class=\"elementor-widget-wrap elementor-element-populated\">\n\t\t\t\t\t\t<div class=\"elementor-element elementor-element-18fa0a5 elementor-widget__width-initial elementor-widget elementor-widget-text-editor\" data-id=\"18fa0a5\" data-element_type=\"widget\" data-e-type=\"widget\" data-widget_type=\"text-editor.default\">\n\t\t\t\t<div class=\"elementor-widget-container\">\n\t\t\t\t\t\t\t\t\t<h4 style=\"text-align: left;\">\u00d6gonblick och evighet<\/h4><p style=\"text-align: left;\"><span style=\"color: #000000;\"><b>Sebastian Johansson, orgel<\/b><\/span><\/p><p class=\"v1p1\"><span class=\"v1s1\"><strong>Johann Helmich Roman<\/strong>: delar <\/span><span class=\"v1s1\">ur Drottningholmsmusiken<span class=\"v1Apple-converted-space\">\u00a0<br \/><\/span><\/span><span class=\"v1s1\"><strong>Georg Friedrich H\u00e4ndel<\/strong>: <\/span><span class=\"v1s1\">Air (ur Wassermusik)<span class=\"v1Apple-converted-space\">\u00a0<br \/><\/span><\/span><span class=\"v1s1\"><strong>Clara Schumann<\/strong>: <\/span><span class=\"v1s1\">Preludium &amp; fuga i Bb dur, op. 16, no. 2<span class=\"v1Apple-converted-space\">\u00a0<br \/><\/span><\/span><span class=\"v1s1\"><strong>Felix Mendelssohn<\/strong>: <\/span><span class=\"v1s1\">Sonat op. 65 no. 3<span class=\"v1Apple-converted-space\">\u00a0<br \/><\/span><\/span><span class=\"v1s1\"><strong>Viktoria Klint<\/strong>: <\/span><span class=\"v1s1\">Expr\u00e9 (Uruppf\u00f6rande)<span class=\"v1Apple-converted-space\">\u00a0<br \/><\/span><\/span><span class=\"v1s1\"><strong>Sebastian Johansson<\/strong>: <\/span><span class=\"v1s1\">Improvisation \u00f6ver ett givet tema<span class=\"v1Apple-converted-space\">\u00a0<br \/><\/span><\/span><span class=\"v1s1\"><strong>Johann Sebastian Bach<\/strong>: <\/span><span class=\"v1s1\">Preludium &amp; Fuga i Ess dur (BWV 552)<span class=\"v1Apple-converted-space\">\u00a0<\/span><\/span><\/p>\t\t\t\t\t\t\t\t<\/div>\n\t\t\t\t<\/div>\n\t\t\t\t\t<\/div>\n\t\t<\/div>\n\t\t\t\t<div class=\"elementor-column elementor-col-25 elementor-top-column elementor-element elementor-element-f1a593b\" data-id=\"f1a593b\" data-element_type=\"column\" data-e-type=\"column\">\n\t\t\t<div class=\"elementor-widget-wrap elementor-element-populated\">\n\t\t\t\t\t\t<div class=\"elementor-element elementor-element-bcfbbc8 elementor-widget elementor-widget-text-editor\" data-id=\"bcfbbc8\" data-element_type=\"widget\" data-e-type=\"widget\" data-widget_type=\"text-editor.default\">\n\t\t\t\t<div class=\"elementor-widget-container\">\n\t\t\t\t\t\t\t\t\t<div class=\"elementor-element elementor-element-607dcf9 elementor-widget elementor-widget-text-editor\" data-id=\"607dcf9\" data-element_type=\"widget\" data-widget_type=\"text-editor.default\"><div class=\"elementor-widget-container\"><p><strong>Nagu kyrka<\/strong><\/p><p>20 \u20ac grundbiljett<br \/>15 \u20ac studerande och bev\u00e4ringar<\/p><p>Barn under 18 \u00e5r gratis<\/p><\/div><\/div>\t\t\t\t\t\t\t\t<\/div>\n\t\t\t\t<\/div>\n\t\t\t\t\t<\/div>\n\t\t<\/div>\n\t\t\t\t\t<\/div>\n\t\t<\/section>\n\t\t\t\t<section class=\"elementor-section elementor-top-section elementor-element elementor-element-6fb319e elementor-section-boxed elementor-section-height-default elementor-section-height-default\" data-id=\"6fb319e\" data-element_type=\"section\" data-e-type=\"section\" data-settings=\"{&quot;background_background&quot;:&quot;classic&quot;}\">\n\t\t\t\t\t\t<div class=\"elementor-container elementor-column-gap-default\">\n\t\t\t\t\t<div class=\"elementor-column elementor-col-25 elementor-top-column elementor-element elementor-element-d22ab91\" data-id=\"d22ab91\" data-element_type=\"column\" data-e-type=\"column\">\n\t\t\t<div class=\"elementor-widget-wrap elementor-element-populated\">\n\t\t\t\t\t\t<div class=\"elementor-element elementor-element-f762f09 elementor-widget elementor-widget-text-editor\" data-id=\"f762f09\" data-element_type=\"widget\" data-e-type=\"widget\" data-widget_type=\"text-editor.default\">\n\t\t\t\t<div class=\"elementor-widget-container\">\n\t\t\t\t\t\t\t\t\t<h5>to 3.7.2025 kl. 13<\/h5>\t\t\t\t\t\t\t\t<\/div>\n\t\t\t\t<\/div>\n\t\t\t\t\t<\/div>\n\t\t<\/div>\n\t\t\t\t<div class=\"elementor-column elementor-col-50 elementor-top-column elementor-element elementor-element-fda1f7b\" data-id=\"fda1f7b\" data-element_type=\"column\" data-e-type=\"column\">\n\t\t\t<div class=\"elementor-widget-wrap elementor-element-populated\">\n\t\t\t\t\t\t<div class=\"elementor-element elementor-element-08aa800 elementor-widget elementor-widget-text-editor\" data-id=\"08aa800\" data-element_type=\"widget\" data-e-type=\"widget\" data-widget_type=\"text-editor.default\">\n\t\t\t\t<div class=\"elementor-widget-container\">\n\t\t\t\t\t\t\t\t\t<h4 style=\"text-align: left;\">Sj\u00e4l\u00f6s toner<\/h4><div><p style=\"margin-bottom: 16px; text-align: left;\"><strong>Ilari Lahesmaa, valthorn<br \/>Ruben Goesch, violin<\/strong><\/p><p><span style=\"font-weight: 400;\"><strong>Calliope Tsoupaki:\u00a0<\/strong>Thin Air<strong><br \/><\/strong><\/span><span style=\"font-weight: 400;\"><strong>Johann Sebastian Bach<\/strong>: Solocellosvit nr. 2 D-moll, BWV 1008<\/span><span style=\"font-weight: 400;\"><br \/><\/span><span style=\"font-weight: 400;\"><strong>Wolfgang Amadeus Mozart<\/strong>:\u00a0 Violinsonat no. 26 B-dur, K. 378<br \/><\/span><span style=\"font-weight: 400;\">\u00a0 \u00a0 \u00a0 \u00a0 \u00a0 \u00a0 2. Andantino sostenuto e cantabile\u00a0\u00a0<br \/><\/span><span style=\"font-weight: 400;\"><strong>Johann Sebastian Bach<\/strong>: Inventionerna 3, 15, 6 och 7\u00a0<br \/><strong>Johann Sebastian Bach: <\/strong><\/span><span style=\"font-weight: 400;\">Partita f\u00f6r soloviolin no. 3 E-dur, BWV 1006\u00a0\u00a0<br \/><\/span><span style=\"font-weight: 400;\"><strong>Wolfgang Amadeus Mozart: <\/strong>Violinsonat no. 21 E-moll, K. 304<br \/>\u00a0 \u00a0 \u00a0 \u00a0 \u00a0 \u00a0 1. Allegro <br \/>\u00a0 \u00a0 \u00a0 \u00a0 \u00a0 \u00a0 2. Tempo di Menuetto\u00a0\u00a0<\/span><\/p><\/div>\t\t\t\t\t\t\t\t<\/div>\n\t\t\t\t<\/div>\n\t\t\t\t\t<\/div>\n\t\t<\/div>\n\t\t\t\t<div class=\"elementor-column elementor-col-25 elementor-top-column elementor-element elementor-element-559dff4\" data-id=\"559dff4\" data-element_type=\"column\" data-e-type=\"column\">\n\t\t\t<div class=\"elementor-widget-wrap elementor-element-populated\">\n\t\t\t\t\t\t<div class=\"elementor-element elementor-element-b2d4c5f elementor-widget elementor-widget-text-editor\" data-id=\"b2d4c5f\" data-element_type=\"widget\" data-e-type=\"widget\" data-widget_type=\"text-editor.default\">\n\t\t\t\t<div class=\"elementor-widget-container\">\n\t\t\t\t\t\t\t\t\t<div class=\"elementor-element elementor-element-607dcf9 elementor-widget elementor-widget-text-editor\" data-id=\"607dcf9\" data-element_type=\"widget\" data-widget_type=\"text-editor.default\"><div class=\"elementor-widget-container\"><p><strong><span style=\"color: #000000; font-size: 1rem;\">Sj\u00e4l\u00f6 kyrka<\/span><\/strong><\/p><p><span style=\"color: #000000;\">20 \u20ac grundbiljett<\/span><br \/><span style=\"color: #000000;\">15 \u20ac studerande och bev\u00e4ringar<\/span><\/p><p style=\"margin-bottom: 0px;\"><span style=\"color: #000000;\">Barn under 18 \u00e5r gratis<\/span><\/p><\/div><\/div>\t\t\t\t\t\t\t\t<\/div>\n\t\t\t\t<\/div>\n\t\t\t\t\t<\/div>\n\t\t<\/div>\n\t\t\t\t\t<\/div>\n\t\t<\/section>\n\t\t\t\t<section class=\"elementor-section elementor-top-section elementor-element elementor-element-fc30f2f elementor-section-boxed elementor-section-height-default elementor-section-height-default\" data-id=\"fc30f2f\" data-element_type=\"section\" data-e-type=\"section\" data-settings=\"{&quot;background_background&quot;:&quot;classic&quot;}\">\n\t\t\t\t\t\t<div class=\"elementor-container elementor-column-gap-default\">\n\t\t\t\t\t<div class=\"elementor-column elementor-col-25 elementor-top-column elementor-element elementor-element-3c314ad\" data-id=\"3c314ad\" data-element_type=\"column\" data-e-type=\"column\">\n\t\t\t<div class=\"elementor-widget-wrap elementor-element-populated\">\n\t\t\t\t\t\t<div class=\"elementor-element elementor-element-90bbf4a elementor-widget elementor-widget-text-editor\" data-id=\"90bbf4a\" data-element_type=\"widget\" data-e-type=\"widget\" data-widget_type=\"text-editor.default\">\n\t\t\t\t<div class=\"elementor-widget-container\">\n\t\t\t\t\t\t\t\t\t<h5>to 3.7.2025 kl. 18<\/h5>\t\t\t\t\t\t\t\t<\/div>\n\t\t\t\t<\/div>\n\t\t\t\t\t<\/div>\n\t\t<\/div>\n\t\t\t\t<div class=\"elementor-column elementor-col-50 elementor-top-column elementor-element elementor-element-7e003ba\" data-id=\"7e003ba\" data-element_type=\"column\" data-e-type=\"column\">\n\t\t\t<div class=\"elementor-widget-wrap elementor-element-populated\">\n\t\t\t\t\t\t<div class=\"elementor-element elementor-element-2859118 elementor-widget__width-initial elementor-widget elementor-widget-text-editor\" data-id=\"2859118\" data-element_type=\"widget\" data-e-type=\"widget\" data-widget_type=\"text-editor.default\">\n\t\t\t\t<div class=\"elementor-widget-container\">\n\t\t\t\t\t\t\t\t\t<h4 style=\"text-align: left;\">Magi av violin<\/h4><p style=\"text-align: left;\"><span style=\"color: #000000;\"><b>Amanda Ernesaks, violin<\/b><\/span><\/p><p><span style=\"font-weight: 400;\"><strong>Johann Sebastian Bach:<\/strong> Partita f\u00f6r soloviolin no. 2 d-moll BWV 1004<br \/><strong>Paul Hindemith: <\/strong>Soloviulusonat op. 31 no. 2<strong><br \/>Eug\u00e8ne Ysa\u00ffe:\u00a0<\/strong>Soloviolinsonat op. 27 no. 2\u00a0<br \/><strong>John Corigliano:\u00a0<\/strong>Stomp<br \/><\/span><\/p>\t\t\t\t\t\t\t\t<\/div>\n\t\t\t\t<\/div>\n\t\t\t\t\t<\/div>\n\t\t<\/div>\n\t\t\t\t<div class=\"elementor-column elementor-col-25 elementor-top-column elementor-element elementor-element-3bad9ad\" data-id=\"3bad9ad\" data-element_type=\"column\" data-e-type=\"column\">\n\t\t\t<div class=\"elementor-widget-wrap elementor-element-populated\">\n\t\t\t\t\t\t<div class=\"elementor-element elementor-element-9c8b516 elementor-widget elementor-widget-text-editor\" data-id=\"9c8b516\" data-element_type=\"widget\" data-e-type=\"widget\" data-widget_type=\"text-editor.default\">\n\t\t\t\t<div class=\"elementor-widget-container\">\n\t\t\t\t\t\t\t\t\t<div class=\"elementor-element elementor-element-607dcf9 elementor-widget elementor-widget-text-editor\" data-id=\"607dcf9\" data-element_type=\"widget\" data-widget_type=\"text-editor.default\"><div class=\"elementor-widget-container\"><p><strong>Nagu kyrka<\/strong><\/p><p>20 \u20ac grundbiljett<br \/>15 \u20ac studerande och bev\u00e4ringar<\/p><p>Barn under 18 \u00e5r gratis<\/p><\/div><\/div>\t\t\t\t\t\t\t\t<\/div>\n\t\t\t\t<\/div>\n\t\t\t\t\t<\/div>\n\t\t<\/div>\n\t\t\t\t\t<\/div>\n\t\t<\/section>\n\t\t\t\t<section class=\"elementor-section elementor-top-section elementor-element elementor-element-bc3ce49 elementor-section-boxed elementor-section-height-default elementor-section-height-default\" data-id=\"bc3ce49\" data-element_type=\"section\" data-e-type=\"section\" data-settings=\"{&quot;background_background&quot;:&quot;classic&quot;}\">\n\t\t\t\t\t\t<div class=\"elementor-container elementor-column-gap-default\">\n\t\t\t\t\t<div class=\"elementor-column elementor-col-25 elementor-top-column elementor-element elementor-element-d387d85\" data-id=\"d387d85\" data-element_type=\"column\" data-e-type=\"column\">\n\t\t\t<div class=\"elementor-widget-wrap elementor-element-populated\">\n\t\t\t\t\t\t<div class=\"elementor-element elementor-element-28dcce8 elementor-widget elementor-widget-text-editor\" data-id=\"28dcce8\" data-element_type=\"widget\" data-e-type=\"widget\" data-widget_type=\"text-editor.default\">\n\t\t\t\t<div class=\"elementor-widget-container\">\n\t\t\t\t\t\t\t\t\t<h5>fre 4.7.2025 kl. 18<\/h5>\t\t\t\t\t\t\t\t<\/div>\n\t\t\t\t<\/div>\n\t\t\t\t\t<\/div>\n\t\t<\/div>\n\t\t\t\t<div class=\"elementor-column elementor-col-50 elementor-top-column elementor-element elementor-element-0febbfe\" data-id=\"0febbfe\" data-element_type=\"column\" data-e-type=\"column\">\n\t\t\t<div class=\"elementor-widget-wrap elementor-element-populated\">\n\t\t\t\t\t\t<div class=\"elementor-element elementor-element-c1dc7bc elementor-widget__width-initial elementor-widget elementor-widget-text-editor\" data-id=\"c1dc7bc\" data-element_type=\"widget\" data-e-type=\"widget\" data-widget_type=\"text-editor.default\">\n\t\t\t\t<div class=\"elementor-widget-container\">\n\t\t\t\t\t\t\t\t\t<h4 style=\"text-align: left;\">Ravels eko &#8211; Pohjolas klang<\/h4><p><strong>Kreeta-Julia Heikkil\u00e4, violin<br \/>Siljamari Heikinheimo, violin<br \/>Hanna Hohti, altviolin<br \/>Erkki Lahesmaa, cello<br \/>Sonja Fr\u00e4ki, piano<\/strong><\/p><p><span style=\"font-weight: 400;\"><strong>Seppo Pohjola:<\/strong> F\u00fcr Erkki, uruppf\u00f6rande<br \/><strong>Amy Beach: <\/strong>Sonat f\u00f6r violin och piano a-moll<br \/><\/span><span style=\"font-weight: 400;\"><strong>Maurice Ravel: <\/strong>Str\u00e5kkvartett F-dur<\/span><\/p>\t\t\t\t\t\t\t\t<\/div>\n\t\t\t\t<\/div>\n\t\t\t\t\t<\/div>\n\t\t<\/div>\n\t\t\t\t<div class=\"elementor-column elementor-col-25 elementor-top-column elementor-element elementor-element-c5d8e21\" data-id=\"c5d8e21\" data-element_type=\"column\" data-e-type=\"column\">\n\t\t\t<div class=\"elementor-widget-wrap elementor-element-populated\">\n\t\t\t\t\t\t<div class=\"elementor-element elementor-element-a7f76f2 elementor-widget elementor-widget-text-editor\" data-id=\"a7f76f2\" data-element_type=\"widget\" data-e-type=\"widget\" data-widget_type=\"text-editor.default\">\n\t\t\t\t<div class=\"elementor-widget-container\">\n\t\t\t\t\t\t\t\t\t<div class=\"elementor-element elementor-element-607dcf9 elementor-widget elementor-widget-text-editor\" data-id=\"607dcf9\" data-element_type=\"widget\" data-widget_type=\"text-editor.default\"><div class=\"elementor-widget-container\"><p><strong>Nagu kyrka<\/strong><\/p><p>20 \u20ac grundbiljett<br \/>15 \u20ac studerande och bev\u00e4ringar<\/p><p>Barn under 18 \u00e5r gratis<\/p><\/div><\/div>\t\t\t\t\t\t\t\t<\/div>\n\t\t\t\t<\/div>\n\t\t\t\t\t<\/div>\n\t\t<\/div>\n\t\t\t\t\t<\/div>\n\t\t<\/section>\n\t\t\t\t<section class=\"elementor-section elementor-top-section elementor-element elementor-element-19e3c5d elementor-section-boxed elementor-section-height-default elementor-section-height-default\" data-id=\"19e3c5d\" data-element_type=\"section\" data-e-type=\"section\" data-settings=\"{&quot;background_background&quot;:&quot;classic&quot;}\">\n\t\t\t\t\t\t<div class=\"elementor-container elementor-column-gap-default\">\n\t\t\t\t\t<div class=\"elementor-column elementor-col-25 elementor-top-column elementor-element elementor-element-6fbbeac\" data-id=\"6fbbeac\" data-element_type=\"column\" data-e-type=\"column\">\n\t\t\t<div class=\"elementor-widget-wrap elementor-element-populated\">\n\t\t\t\t\t\t<div class=\"elementor-element elementor-element-2192d0a elementor-widget elementor-widget-text-editor\" data-id=\"2192d0a\" data-element_type=\"widget\" data-e-type=\"widget\" data-widget_type=\"text-editor.default\">\n\t\t\t\t<div class=\"elementor-widget-container\">\n\t\t\t\t\t\t\t\t\t<h5>l\u00f6 5.7.2025 kl. 14<\/h5>\t\t\t\t\t\t\t\t<\/div>\n\t\t\t\t<\/div>\n\t\t\t\t\t<\/div>\n\t\t<\/div>\n\t\t\t\t<div class=\"elementor-column elementor-col-50 elementor-top-column elementor-element elementor-element-8210ed9\" data-id=\"8210ed9\" data-element_type=\"column\" data-e-type=\"column\">\n\t\t\t<div class=\"elementor-widget-wrap elementor-element-populated\">\n\t\t\t\t\t\t<div class=\"elementor-element elementor-element-efbab09 elementor-widget elementor-widget-text-editor\" data-id=\"efbab09\" data-element_type=\"widget\" data-e-type=\"widget\" data-widget_type=\"text-editor.default\">\n\t\t\t\t<div class=\"elementor-widget-container\">\n\t\t\t\t\t\t\t\t\t<h4 style=\"text-align: left;\">Ur Kamarn<\/h4><div><p style=\"margin-bottom: 16px; text-align: left;\">Nagu kammarmusikdagarnas artister musicerar tillsammans med unga musikstuderande fr\u00e5n sk\u00e4rg\u00e5rden.<\/p><\/div>\t\t\t\t\t\t\t\t<\/div>\n\t\t\t\t<\/div>\n\t\t\t\t\t<\/div>\n\t\t<\/div>\n\t\t\t\t<div class=\"elementor-column elementor-col-25 elementor-top-column elementor-element elementor-element-1a13eae\" data-id=\"1a13eae\" data-element_type=\"column\" data-e-type=\"column\">\n\t\t\t<div class=\"elementor-widget-wrap elementor-element-populated\">\n\t\t\t\t\t\t<div class=\"elementor-element elementor-element-0cd0a9f elementor-widget elementor-widget-text-editor\" data-id=\"0cd0a9f\" data-element_type=\"widget\" data-e-type=\"widget\" data-widget_type=\"text-editor.default\">\n\t\t\t\t<div class=\"elementor-widget-container\">\n\t\t\t\t\t\t\t\t\t<p><span style=\"color: #000000; font-family: var( --e-global-typography-text-font-family ), Sans-serif;\"><b>Restaurang L&#8217;Escale<\/b><\/span><\/p><p><span style=\"color: #000000; font-family: var( --e-global-typography-text-font-family ), Sans-serif;\"><b><br \/><\/b><\/span><span style=\"color: #000000; font-family: var( --e-global-typography-text-font-family ), Sans-serif; font-weight: var( --e-global-typography-text-font-weight );\">Fritt intr\u00e4de<br \/><\/span><\/p>\t\t\t\t\t\t\t\t<\/div>\n\t\t\t\t<\/div>\n\t\t\t\t\t<\/div>\n\t\t<\/div>\n\t\t\t\t\t<\/div>\n\t\t<\/section>\n\t\t\t\t<section class=\"elementor-section elementor-top-section elementor-element elementor-element-a169c5a elementor-section-boxed elementor-section-height-default elementor-section-height-default\" data-id=\"a169c5a\" data-element_type=\"section\" data-e-type=\"section\" data-settings=\"{&quot;background_background&quot;:&quot;classic&quot;}\">\n\t\t\t\t\t\t<div class=\"elementor-container elementor-column-gap-default\">\n\t\t\t\t\t<div class=\"elementor-column elementor-col-25 elementor-top-column elementor-element elementor-element-254217f\" data-id=\"254217f\" data-element_type=\"column\" data-e-type=\"column\">\n\t\t\t<div class=\"elementor-widget-wrap elementor-element-populated\">\n\t\t\t\t\t\t<div class=\"elementor-element elementor-element-5cace9b elementor-widget elementor-widget-text-editor\" data-id=\"5cace9b\" data-element_type=\"widget\" data-e-type=\"widget\" data-widget_type=\"text-editor.default\">\n\t\t\t\t<div class=\"elementor-widget-container\">\n\t\t\t\t\t\t\t\t\t<h5>l\u00f6 5.7.2025 kl. 18<\/h5>\t\t\t\t\t\t\t\t<\/div>\n\t\t\t\t<\/div>\n\t\t\t\t\t<\/div>\n\t\t<\/div>\n\t\t\t\t<div class=\"elementor-column elementor-col-50 elementor-top-column elementor-element elementor-element-6244383\" data-id=\"6244383\" data-element_type=\"column\" data-e-type=\"column\">\n\t\t\t<div class=\"elementor-widget-wrap elementor-element-populated\">\n\t\t\t\t\t\t<div class=\"elementor-element elementor-element-2a5d302 elementor-widget__width-initial elementor-widget elementor-widget-text-editor\" data-id=\"2a5d302\" data-element_type=\"widget\" data-e-type=\"widget\" data-widget_type=\"text-editor.default\">\n\t\t\t\t<div class=\"elementor-widget-container\">\n\t\t\t\t\t\t\t\t\t<h4 style=\"text-align: left;\">F\u00e4rger och kraft<\/h4><p><strong>Kreeta-Julia Heikkil\u00e4, violin<br \/>Siljamari Heikinheimo, violin<br \/>Hanna Hohti, altviolin<br \/>Erkki Lahesmaa, cello<br \/>Sonja Fr\u00e4ki, piano<\/strong><\/p><p><span style=\"font-weight: 400;\"><strong>Nico Muhly:<\/strong> Keep in touch<br \/><\/span><span style=\"font-weight: 400;\"><strong>Maurice Ravel: <\/strong>Sonat f\u00f6r violin och cello<br \/><strong>Johannes Brahms:\u00a0<\/strong>Pianokvintett f-moll, op. 34<br \/><\/span><\/p>\t\t\t\t\t\t\t\t<\/div>\n\t\t\t\t<\/div>\n\t\t\t\t\t<\/div>\n\t\t<\/div>\n\t\t\t\t<div class=\"elementor-column elementor-col-25 elementor-top-column elementor-element elementor-element-68fa084\" data-id=\"68fa084\" data-element_type=\"column\" data-e-type=\"column\">\n\t\t\t<div class=\"elementor-widget-wrap elementor-element-populated\">\n\t\t\t\t\t\t<div class=\"elementor-element elementor-element-6725902 elementor-widget elementor-widget-text-editor\" data-id=\"6725902\" data-element_type=\"widget\" data-e-type=\"widget\" data-widget_type=\"text-editor.default\">\n\t\t\t\t<div class=\"elementor-widget-container\">\n\t\t\t\t\t\t\t\t\t<div class=\"elementor-element elementor-element-607dcf9 elementor-widget elementor-widget-text-editor\" data-id=\"607dcf9\" data-element_type=\"widget\" data-widget_type=\"text-editor.default\"><div class=\"elementor-widget-container\"><p><strong>Nagu kyrka<\/strong><\/p><p>20 \u20ac grundbiljett<br \/>15 \u20ac studerande och bev\u00e4ringar<\/p><p>Barn under 18 \u00e5r gratis<\/p><\/div><\/div>\t\t\t\t\t\t\t\t<\/div>\n\t\t\t\t<\/div>\n\t\t\t\t\t<\/div>\n\t\t<\/div>\n\t\t\t\t\t<\/div>\n\t\t<\/section>\n\t\t\t\t<section class=\"elementor-section elementor-top-section elementor-element elementor-element-2b1a128 elementor-section-boxed elementor-section-height-default elementor-section-height-default\" data-id=\"2b1a128\" data-element_type=\"section\" data-e-type=\"section\" data-settings=\"{&quot;background_background&quot;:&quot;classic&quot;}\">\n\t\t\t\t\t\t<div class=\"elementor-container elementor-column-gap-default\">\n\t\t\t\t\t<div class=\"elementor-column elementor-col-25 elementor-top-column elementor-element elementor-element-89aa0be\" data-id=\"89aa0be\" data-element_type=\"column\" data-e-type=\"column\">\n\t\t\t<div class=\"elementor-widget-wrap elementor-element-populated\">\n\t\t\t\t\t\t<div class=\"elementor-element elementor-element-75f847a elementor-widget elementor-widget-text-editor\" data-id=\"75f847a\" data-element_type=\"widget\" data-e-type=\"widget\" data-widget_type=\"text-editor.default\">\n\t\t\t\t<div class=\"elementor-widget-container\">\n\t\t\t\t\t\t\t\t\t<h5>s\u00f6 6.7.2025 kl. 14<\/h5>\t\t\t\t\t\t\t\t<\/div>\n\t\t\t\t<\/div>\n\t\t\t\t\t<\/div>\n\t\t<\/div>\n\t\t\t\t<div class=\"elementor-column elementor-col-50 elementor-top-column elementor-element elementor-element-e23d083\" data-id=\"e23d083\" data-element_type=\"column\" data-e-type=\"column\">\n\t\t\t<div class=\"elementor-widget-wrap elementor-element-populated\">\n\t\t\t\t\t\t<div class=\"elementor-element elementor-element-c5c602a elementor-widget__width-initial elementor-widget elementor-widget-text-editor\" data-id=\"c5c602a\" data-element_type=\"widget\" data-e-type=\"widget\" data-widget_type=\"text-editor.default\">\n\t\t\t\t<div class=\"elementor-widget-container\">\n\t\t\t\t\t\t\t\t\t<h4 style=\"text-align: left;\">Br\u00e4nnsk\u00e4rs dyningar<\/h4><div><p style=\"margin-bottom: 16px; text-align: left;\"><b>Adele Sauros, saksofon<br \/>Wilfried Wilde, elgitarr<\/b><\/p><p>Saksofon-elgitarr -duot upptr\u00e4der b\u00e5de med jazzstandarder och egna verk.\u00a0<\/p><\/div>\t\t\t\t\t\t\t\t<\/div>\n\t\t\t\t<\/div>\n\t\t\t\t\t<\/div>\n\t\t<\/div>\n\t\t\t\t<div class=\"elementor-column elementor-col-25 elementor-top-column elementor-element elementor-element-73b530a\" data-id=\"73b530a\" data-element_type=\"column\" data-e-type=\"column\">\n\t\t\t<div class=\"elementor-widget-wrap elementor-element-populated\">\n\t\t\t\t\t\t<div class=\"elementor-element elementor-element-12a8208 elementor-widget elementor-widget-text-editor\" data-id=\"12a8208\" data-element_type=\"widget\" data-e-type=\"widget\" data-widget_type=\"text-editor.default\">\n\t\t\t\t<div class=\"elementor-widget-container\">\n\t\t\t\t\t\t\t\t\t<div class=\"elementor-element elementor-element-628942b elementor-widget elementor-widget-text-editor\" data-id=\"628942b\" data-element_type=\"widget\" data-widget_type=\"text-editor.default\"><div class=\"elementor-widget-container\"><p><strong>Br\u00e4nnsk\u00e4r<\/strong><\/p><p>15 \u20ac grundbiljett<\/p><p>10 \u20ac studerande och bev\u00e4ringar<\/p><p>Barn under 18 \u00e5r gratis<\/p><\/div><\/div>\t\t\t\t\t\t\t\t<\/div>\n\t\t\t\t<\/div>\n\t\t\t\t\t<\/div>\n\t\t<\/div>\n\t\t\t\t\t<\/div>\n\t\t<\/section>\n\t\t\t\t<\/div>\n\t\t","protected":false},"excerpt":{"rendered":"<p>Tid Konsert Plats och priser on 2.7.2025 kl. 18 \u00d6gonblick och evighet Sebastian Johansson, orgel Johann Helmich Roman: delar ur Drottningholmsmusiken\u00a0Georg Friedrich H\u00e4ndel: Air (ur Wassermusik)\u00a0Clara Schumann: Preludium &amp; fuga i Bb dur, op. 16, no. 2\u00a0Felix Mendelssohn: Sonat op. 65 no. 3\u00a0Viktoria Klint: Expr\u00e9 (Uruppf\u00f6rande)\u00a0Sebastian Johansson: Improvisation \u00f6ver ett givet tema\u00a0Johann Sebastian Bach: Preludium&hellip; <br \/> <a class=\"read-more\" href=\"https:\/\/www.nauvonkamarimusiikki.fi\/?page_id=3291&#038;lang=sv\">Read more<\/a><\/p>\n","protected":false},"author":1,"featured_media":0,"parent":0,"menu_order":0,"comment_status":"closed","ping_status":"closed","template":"","meta":{"footnotes":""},"class_list":["post-3291","page","type-page","status-publish","hentry"],"_links":{"self":[{"href":"https:\/\/www.nauvonkamarimusiikki.fi\/index.php?rest_route=\/wp\/v2\/pages\/3291","targetHints":{"allow":["GET"]}}],"collection":[{"href":"https:\/\/www.nauvonkamarimusiikki.fi\/index.php?rest_route=\/wp\/v2\/pages"}],"about":[{"href":"https:\/\/www.nauvonkamarimusiikki.fi\/index.php?rest_route=\/wp\/v2\/types\/page"}],"author":[{"embeddable":true,"href":"https:\/\/www.nauvonkamarimusiikki.fi\/index.php?rest_route=\/wp\/v2\/users\/1"}],"replies":[{"embeddable":true,"href":"https:\/\/www.nauvonkamarimusiikki.fi\/index.php?rest_route=%2Fwp%2Fv2%2Fcomments&post=3291"}],"version-history":[{"count":27,"href":"https:\/\/www.nauvonkamarimusiikki.fi\/index.php?rest_route=\/wp\/v2\/pages\/3291\/revisions"}],"predecessor-version":[{"id":6478,"href":"https:\/\/www.nauvonkamarimusiikki.fi\/index.php?rest_route=\/wp\/v2\/pages\/3291\/revisions\/6478"}],"wp:attachment":[{"href":"https:\/\/www.nauvonkamarimusiikki.fi\/index.php?rest_route=%2Fwp%2Fv2%2Fmedia&parent=3291"}],"curies":[{"name":"wp","href":"https:\/\/api.w.org\/{rel}","templated":true}]}}