{"id":3182,"date":"2020-03-08T10:44:47","date_gmt":"2020-03-08T08:44:47","guid":{"rendered":"https:\/\/www.nauvonkamarimusiikki.fi\/?page_id=3182"},"modified":"2020-06-25T10:34:52","modified_gmt":"2020-06-25T07:34:52","slug":"konserter-2020-2","status":"publish","type":"page","link":"https:\/\/www.nauvonkamarimusiikki.fi\/?page_id=3182&lang=sv","title":{"rendered":"Konserter 2020\/Festivalen \u00e4r inhiberat p\u00e5 grund av coronavirusepidemin"},"content":{"rendered":"\t\t<div data-elementor-type=\"wp-post\" data-elementor-id=\"3182\" class=\"elementor elementor-3182 elementor-3134 elementor-bc-flex-widget\">\n\t\t\t\t\t\t<section class=\"elementor-section elementor-top-section elementor-element elementor-element-4622a42b elementor-section-boxed elementor-section-height-default elementor-section-height-default\" data-id=\"4622a42b\" data-element_type=\"section\" data-e-type=\"section\" data-settings=\"{&quot;background_background&quot;:&quot;classic&quot;}\">\n\t\t\t\t\t\t<div class=\"elementor-container elementor-column-gap-default\">\n\t\t\t\t\t<div class=\"elementor-column elementor-col-25 elementor-top-column elementor-element elementor-element-7e77cca3\" data-id=\"7e77cca3\" data-element_type=\"column\" data-e-type=\"column\">\n\t\t\t<div class=\"elementor-widget-wrap elementor-element-populated\">\n\t\t\t\t\t\t<div class=\"elementor-element elementor-element-1b5fd7a3 elementor-widget elementor-widget-text-editor\" data-id=\"1b5fd7a3\" data-element_type=\"widget\" data-e-type=\"widget\" data-widget_type=\"text-editor.default\">\n\t\t\t\t<div class=\"elementor-widget-container\">\n\t\t\t\t\t\t\t\t\t<p><span style=\"color: #000000;\"><b>Tid<\/b><\/span><\/p>\t\t\t\t\t\t\t\t<\/div>\n\t\t\t\t<\/div>\n\t\t\t\t\t<\/div>\n\t\t<\/div>\n\t\t\t\t<div class=\"elementor-column elementor-col-50 elementor-top-column elementor-element elementor-element-2799e38f\" data-id=\"2799e38f\" data-element_type=\"column\" data-e-type=\"column\">\n\t\t\t<div class=\"elementor-widget-wrap elementor-element-populated\">\n\t\t\t\t\t\t<div class=\"elementor-element elementor-element-ffde789 elementor-widget elementor-widget-text-editor\" data-id=\"ffde789\" data-element_type=\"widget\" data-e-type=\"widget\" data-widget_type=\"text-editor.default\">\n\t\t\t\t<div class=\"elementor-widget-container\">\n\t\t\t\t\t\t\t\t\t<p><span style=\"color: #000000;\"><strong>Program<\/strong><\/span><\/p>\t\t\t\t\t\t\t\t<\/div>\n\t\t\t\t<\/div>\n\t\t\t\t\t<\/div>\n\t\t<\/div>\n\t\t\t\t<div class=\"elementor-column elementor-col-25 elementor-top-column elementor-element elementor-element-6fa0a24\" data-id=\"6fa0a24\" data-element_type=\"column\" data-e-type=\"column\">\n\t\t\t<div class=\"elementor-widget-wrap elementor-element-populated\">\n\t\t\t\t\t\t\t<\/div>\n\t\t<\/div>\n\t\t\t\t\t<\/div>\n\t\t<\/section>\n\t\t\t\t<section class=\"elementor-section elementor-top-section elementor-element elementor-element-7a64d813 elementor-section-boxed elementor-section-height-default elementor-section-height-default\" data-id=\"7a64d813\" data-element_type=\"section\" data-e-type=\"section\">\n\t\t\t\t\t\t<div class=\"elementor-container elementor-column-gap-default\">\n\t\t\t\t\t<div class=\"elementor-column elementor-col-25 elementor-top-column elementor-element elementor-element-67fd5fa\" data-id=\"67fd5fa\" data-element_type=\"column\" data-e-type=\"column\">\n\t\t\t<div class=\"elementor-widget-wrap elementor-element-populated\">\n\t\t\t\t\t\t<div class=\"elementor-element elementor-element-4b59717 elementor-widget elementor-widget-text-editor\" data-id=\"4b59717\" data-element_type=\"widget\" data-e-type=\"widget\" data-widget_type=\"text-editor.default\">\n\t\t\t\t<div class=\"elementor-widget-container\">\n\t\t\t\t\t\t\t\t\t<p><span style=\"color: #000000;\">1.7.2020 kl. 18<\/span><\/p>\t\t\t\t\t\t\t\t<\/div>\n\t\t\t\t<\/div>\n\t\t\t\t\t<\/div>\n\t\t<\/div>\n\t\t\t\t<div class=\"elementor-column elementor-col-50 elementor-top-column elementor-element elementor-element-3fd74b09\" data-id=\"3fd74b09\" data-element_type=\"column\" data-e-type=\"column\">\n\t\t\t<div class=\"elementor-widget-wrap elementor-element-populated\">\n\t\t\t\t\t\t<div class=\"elementor-element elementor-element-1a810351 elementor-widget elementor-widget-text-editor\" data-id=\"1a810351\" data-element_type=\"widget\" data-e-type=\"widget\" data-widget_type=\"text-editor.default\">\n\t\t\t\t<div class=\"elementor-widget-container\">\n\t\t\t\t\t\t\t\t\t<h4><b>Romantikens virtuoser<\/b><\/h4><p><span style=\"font-weight: 400;\">Adri\u00e1n Ib\u00e1\u00f1ez-Resjan, violin och Valeria Resjan, piano<\/span><\/p><p><span style=\"font-weight: 400;\">Jean Sibelius:<br \/><\/span><span style=\"font-weight: 400;\">Tre stycken op. 79<br \/><\/span><span style=\"font-weight: 400;\">Tv\u00e5 humoresques op. 89<\/span><\/p><p><span style=\"font-weight: 400;\">Fritz Kreisler: Recitativo &amp; Scherzo<\/span><\/p><p><span style=\"font-weight: 400;\">Ernest Chausson: Poeme op.25<\/span><\/p><p><span style=\"font-weight: 400;\">Maurice Ravel: Tzigane<\/span><\/p>\t\t\t\t\t\t\t\t<\/div>\n\t\t\t\t<\/div>\n\t\t\t\t\t<\/div>\n\t\t<\/div>\n\t\t\t\t<div class=\"elementor-column elementor-col-25 elementor-top-column elementor-element elementor-element-35a59663\" data-id=\"35a59663\" data-element_type=\"column\" data-e-type=\"column\">\n\t\t\t<div class=\"elementor-widget-wrap elementor-element-populated\">\n\t\t\t\t\t\t<div class=\"elementor-element elementor-element-4b7e8a2d elementor-widget elementor-widget-text-editor\" data-id=\"4b7e8a2d\" data-element_type=\"widget\" data-e-type=\"widget\" data-widget_type=\"text-editor.default\">\n\t\t\t\t<div class=\"elementor-widget-container\">\n\t\t\t\t\t\t\t\t\t<p><strong><span style=\"color: #000000; font-size: 1rem;\">Nagu kyrka<\/span><\/strong><\/p><p><span style=\"color: #000000;\">\u00a0<\/span><\/p><p><span style=\"color: #000000;\">20 \u20ac grundbiljett<\/span><br \/><span style=\"color: #000000;\">15 \u20ac pension\u00e4rer, studerande och bev\u00e4ring<\/span><\/p><p><span style=\"color: #000000;\">Barn under 18 \u00e5r gratis<\/span><\/p>\t\t\t\t\t\t\t\t<\/div>\n\t\t\t\t<\/div>\n\t\t\t\t\t<\/div>\n\t\t<\/div>\n\t\t\t\t\t<\/div>\n\t\t<\/section>\n\t\t\t\t<section class=\"elementor-section elementor-top-section elementor-element elementor-element-601a6749 elementor-section-boxed elementor-section-height-default elementor-section-height-default\" data-id=\"601a6749\" data-element_type=\"section\" data-e-type=\"section\" data-settings=\"{&quot;background_background&quot;:&quot;classic&quot;}\">\n\t\t\t\t\t\t<div class=\"elementor-container elementor-column-gap-default\">\n\t\t\t\t\t<div class=\"elementor-column elementor-col-25 elementor-top-column elementor-element elementor-element-4a4eb250\" data-id=\"4a4eb250\" data-element_type=\"column\" data-e-type=\"column\">\n\t\t\t<div class=\"elementor-widget-wrap elementor-element-populated\">\n\t\t\t\t\t\t<div class=\"elementor-element elementor-element-59a35847 elementor-widget elementor-widget-text-editor\" data-id=\"59a35847\" data-element_type=\"widget\" data-e-type=\"widget\" data-widget_type=\"text-editor.default\">\n\t\t\t\t<div class=\"elementor-widget-container\">\n\t\t\t\t\t\t\t\t\t<p><span style=\"color: #000000;\">2.7.2020 kl. 14<\/span><\/p><p>\u00a0<\/p>\t\t\t\t\t\t\t\t<\/div>\n\t\t\t\t<\/div>\n\t\t\t\t\t<\/div>\n\t\t<\/div>\n\t\t\t\t<div class=\"elementor-column elementor-col-50 elementor-top-column elementor-element elementor-element-335a27c9\" data-id=\"335a27c9\" data-element_type=\"column\" data-e-type=\"column\">\n\t\t\t<div class=\"elementor-widget-wrap elementor-element-populated\">\n\t\t\t\t\t\t<div class=\"elementor-element elementor-element-69f0b0ac elementor-widget elementor-widget-text-editor\" data-id=\"69f0b0ac\" data-element_type=\"widget\" data-e-type=\"widget\" data-widget_type=\"text-editor.default\">\n\t\t\t\t<div class=\"elementor-widget-container\">\n\t\t\t\t\t\t\t\t\t<h4><strong>Sj\u00e4l\u00f6-dans till fl\u00f6jt och klarinett<\/strong><b><br \/><\/b><\/h4><div><strong>Duo Dynamo:<\/strong><\/div><p><b>Heli Haapala, fl\u00f6jt och Pekka Niskanen, klarinett<\/b><\/p><p><span style=\"font-size: 1rem;\">J.\u00a0S. Bach: Preludi (cello svit 2)<br \/><\/span><span style=\"font-weight: 400;\">Kaija Saariaho: Dolce Tormento<br \/><\/span><span style=\"font-size: 1rem;\">J. S. Bach: Air<br \/><\/span><span style=\"font-weight: 400;\">Heitor Villa-Lobos: Ch\u00f4ros no. 2<br \/><\/span><span style=\"font-weight: 400;\">Astor Piazzolla: Tangoetyd no. 4<br \/><\/span><span style=\"font-size: 1rem;\">C. P. E. Bach: Solosonat\u00a0 a-moll<br \/><\/span><span style=\"font-weight: 400;\">Pekka Niskanen: Duo<br \/><\/span><span style=\"font-weight: 400;\">Andre Jolivet:\u00a0 Sonatine<br \/><\/span><span style=\"font-weight: 400;\">Trad. (sov. P. N.): Dansar fr\u00e5n \u00c5bo sk\u00e4rg\u00e5rden<\/span><\/p><p><span style=\"background-color: transparent; color: #000000; font-family: Calibri; font-size: 12pt; font-weight: bold; white-space: pre-wrap;\">\u00a0<\/span><\/p>\t\t\t\t\t\t\t\t<\/div>\n\t\t\t\t<\/div>\n\t\t\t\t\t<\/div>\n\t\t<\/div>\n\t\t\t\t<div class=\"elementor-column elementor-col-25 elementor-top-column elementor-element elementor-element-468d6f1e\" data-id=\"468d6f1e\" data-element_type=\"column\" data-e-type=\"column\">\n\t\t\t<div class=\"elementor-widget-wrap elementor-element-populated\">\n\t\t\t\t\t\t<div class=\"elementor-element elementor-element-597eda13 elementor-widget elementor-widget-text-editor\" data-id=\"597eda13\" data-element_type=\"widget\" data-e-type=\"widget\" data-widget_type=\"text-editor.default\">\n\t\t\t\t<div class=\"elementor-widget-container\">\n\t\t\t\t\t\t\t\t\t<p><strong><span style=\"color: #000000;\">Sj\u00e4l\u00f6 kyrka<\/span><\/strong><\/p><p><span style=\"font-weight: 400; color: #000000;\">20 \u20ac grundbiljett<\/span><\/p><p><span style=\"font-weight: 400; color: #000000;\">15 \u20ac pension\u00e4rer, studerande och bev\u00e4ring<\/span><\/p><p><span style=\"font-weight: 400; color: #000000;\">Barn under 18 \u00e5r gratis<\/span><\/p><p><span style=\"color: #000000;\">\u00a0<\/span><\/p><p>\u00a0<\/p><p>\u00a0<\/p>\t\t\t\t\t\t\t\t<\/div>\n\t\t\t\t<\/div>\n\t\t\t\t\t<\/div>\n\t\t<\/div>\n\t\t\t\t\t<\/div>\n\t\t<\/section>\n\t\t\t\t<section class=\"elementor-section elementor-top-section elementor-element elementor-element-33e11a0e elementor-section-boxed elementor-section-height-default elementor-section-height-default\" data-id=\"33e11a0e\" data-element_type=\"section\" data-e-type=\"section\">\n\t\t\t\t\t\t<div class=\"elementor-container elementor-column-gap-default\">\n\t\t\t\t\t<div class=\"elementor-column elementor-col-33 elementor-top-column elementor-element elementor-element-676e2c1e\" data-id=\"676e2c1e\" data-element_type=\"column\" data-e-type=\"column\">\n\t\t\t<div class=\"elementor-widget-wrap elementor-element-populated\">\n\t\t\t\t\t\t<div class=\"elementor-element elementor-element-363cd073 elementor-widget elementor-widget-text-editor\" data-id=\"363cd073\" data-element_type=\"widget\" data-e-type=\"widget\" data-widget_type=\"text-editor.default\">\n\t\t\t\t<div class=\"elementor-widget-container\">\n\t\t\t\t\t\t\t\t\t<p><span style=\"color: #000000;\">2.7.2020 kl. 18<\/span><\/p>\t\t\t\t\t\t\t\t<\/div>\n\t\t\t\t<\/div>\n\t\t\t\t\t<\/div>\n\t\t<\/div>\n\t\t\t\t<div class=\"elementor-column elementor-col-33 elementor-top-column elementor-element elementor-element-2bff61a0\" data-id=\"2bff61a0\" data-element_type=\"column\" data-e-type=\"column\">\n\t\t\t<div class=\"elementor-widget-wrap elementor-element-populated\">\n\t\t\t\t\t\t<div class=\"elementor-element elementor-element-ba8ace1 elementor-widget elementor-widget-text-editor\" data-id=\"ba8ace1\" data-element_type=\"widget\" data-e-type=\"widget\" data-widget_type=\"text-editor.default\">\n\t\t\t\t<div class=\"elementor-widget-container\">\n\t\t\t\t\t\t\t\t\t<p><span style=\"color: #000000;\"><b>Rosetta ensemble<\/b><\/span><\/p><p><span style=\"font-weight: 400; color: #000000;\">Triosonater fr\u00e5n orgell\u00e4ktaren<\/span><\/p><p><span style=\"color: #000000;\"><b>Sunniva Fagerlund, blockfl\u00f6jt, Anthony Marini, barockviolin och Markku M\u00e4kinen, orgel<\/b><\/span><\/p>\t\t\t\t\t\t\t\t<\/div>\n\t\t\t\t<\/div>\n\t\t\t\t\t<\/div>\n\t\t<\/div>\n\t\t\t\t<div class=\"elementor-column elementor-col-33 elementor-top-column elementor-element elementor-element-239319a2\" data-id=\"239319a2\" data-element_type=\"column\" data-e-type=\"column\">\n\t\t\t<div class=\"elementor-widget-wrap elementor-element-populated\">\n\t\t\t\t\t\t<div class=\"elementor-element elementor-element-1aab7628 elementor-widget elementor-widget-text-editor\" data-id=\"1aab7628\" data-element_type=\"widget\" data-e-type=\"widget\" data-widget_type=\"text-editor.default\">\n\t\t\t\t<div class=\"elementor-widget-container\">\n\t\t\t\t\t\t\t\t\t<p><span style=\"color: #000000;\"><b>Nagu kyrka<\/b><\/span><\/p><p><span style=\"font-weight: 400; color: #000000;\">20 \u20ac grundbiljett<\/span><\/p><p><span style=\"font-weight: 400; color: #000000;\">15 \u20ac pension\u00e4rer, studerande och bev\u00e4ring<\/span><\/p><p><span style=\"font-weight: 400; color: #000000;\">Barn under 18 \u00e5r gratis<\/span><\/p><p><span style=\"color: #000000;\">\u00a0<\/span><\/p><p><span style=\"color: #000000;\">\u00a0<\/span><\/p>\t\t\t\t\t\t\t\t<\/div>\n\t\t\t\t<\/div>\n\t\t\t\t\t<\/div>\n\t\t<\/div>\n\t\t\t\t\t<\/div>\n\t\t<\/section>\n\t\t\t\t<section class=\"elementor-section elementor-top-section elementor-element elementor-element-49ebdcd3 elementor-section-boxed elementor-section-height-default elementor-section-height-default\" data-id=\"49ebdcd3\" data-element_type=\"section\" data-e-type=\"section\" data-settings=\"{&quot;background_background&quot;:&quot;classic&quot;}\">\n\t\t\t\t\t\t<div class=\"elementor-container elementor-column-gap-default\">\n\t\t\t\t\t<div class=\"elementor-column elementor-col-33 elementor-top-column elementor-element elementor-element-89eaca8\" data-id=\"89eaca8\" data-element_type=\"column\" data-e-type=\"column\">\n\t\t\t<div class=\"elementor-widget-wrap elementor-element-populated\">\n\t\t\t\t\t\t<div class=\"elementor-element elementor-element-794edce elementor-widget elementor-widget-text-editor\" data-id=\"794edce\" data-element_type=\"widget\" data-e-type=\"widget\" data-widget_type=\"text-editor.default\">\n\t\t\t\t<div class=\"elementor-widget-container\">\n\t\t\t\t\t\t\t\t\t<p><span style=\"color: #000000;\">3.7.2020 kl. 14<\/span><\/p>\t\t\t\t\t\t\t\t<\/div>\n\t\t\t\t<\/div>\n\t\t\t\t\t<\/div>\n\t\t<\/div>\n\t\t\t\t<div class=\"elementor-column elementor-col-33 elementor-top-column elementor-element elementor-element-404edde0\" data-id=\"404edde0\" data-element_type=\"column\" data-e-type=\"column\">\n\t\t\t<div class=\"elementor-widget-wrap elementor-element-populated\">\n\t\t\t\t\t\t<div class=\"elementor-element elementor-element-4bdf3e5c elementor-widget elementor-widget-text-editor\" data-id=\"4bdf3e5c\" data-element_type=\"widget\" data-e-type=\"widget\" data-widget_type=\"text-editor.default\">\n\t\t\t\t<div class=\"elementor-widget-container\">\n\t\t\t\t\t\t\t\t\t<h4><strong>Orgel\u00e4ventyr genom Europa<\/strong><\/h4><div>\u00a0<\/div><p><strong><span style=\"color: #000000;\">Markku M\u00e4kinen, orgel<\/span><\/strong><\/p><p><span style=\"font-weight: 400; color: #000000;\">Georg Muffat:<\/span><\/p><p><span style=\"font-weight: 400; color: #000000;\">Toccata septima\u00a0<br \/><\/span><span style=\"font-weight: 400; color: #000000;\">Passacaglia\u00a0<\/span><\/p><p><span style=\"font-weight: 400; color: #000000;\">Ludwig van Beethoven: Scherzo in G\u00a0<\/span><\/p><p><span style=\"font-weight: 400; color: #000000;\">Wolfgang Amadeus Mozart: Fuga in g (KV 401\/375e)<\/span><\/p><p><span style=\"font-weight: 400; color: #000000;\">Ludwig van Beethoven: Allegro in G (WoO 33, 3)<\/span><\/p><p><span style=\"font-weight: 400; color: #000000;\">Wolfgang Amadeus Mozart:<\/span><\/p><p><span style=\"font-weight: 400; color: #000000;\">Adagio in C (KV 356\/617a)<br \/><\/span><span style=\"font-weight: 400; color: #000000;\">Andante in F (KV 616)<\/span><\/p><p><span style=\"font-weight: 400; color: #000000;\">Ludwig van Beethoven: Adagio assai (WoO 33, 1)<\/span><\/p><p><span style=\"font-weight: 400; color: #000000;\">Wolfgang Amadeus Mozart: Fantasia in f (KV 608)<\/span><\/p>\t\t\t\t\t\t\t\t<\/div>\n\t\t\t\t<\/div>\n\t\t\t\t\t<\/div>\n\t\t<\/div>\n\t\t\t\t<div class=\"elementor-column elementor-col-33 elementor-top-column elementor-element elementor-element-32e02d8c\" data-id=\"32e02d8c\" data-element_type=\"column\" data-e-type=\"column\">\n\t\t\t<div class=\"elementor-widget-wrap elementor-element-populated\">\n\t\t\t\t\t\t<div class=\"elementor-element elementor-element-29b33580 elementor-widget elementor-widget-text-editor\" data-id=\"29b33580\" data-element_type=\"widget\" data-e-type=\"widget\" data-widget_type=\"text-editor.default\">\n\t\t\t\t<div class=\"elementor-widget-container\">\n\t\t\t\t\t\t\t\t\t<p><span style=\"color: #000000;\"><strong>Nagu kyrka<\/strong><\/span><\/p><p><span style=\"font-weight: 400; color: #000000;\">15 \u20ac grundbiljett<\/span><\/p><p><span style=\"font-weight: 400; color: #000000;\">10 \u20ac pension\u00e4rer, studerande och bev\u00e4ring<\/span><\/p><p><span style=\"font-weight: 400; color: #000000;\">Barn under 18 \u00e5r gratis<\/span><\/p><p><span style=\"color: #000000;\">\u00a0<\/span><\/p><div><span style=\"color: #000000;\">\u00a0<\/span><\/div>\t\t\t\t\t\t\t\t<\/div>\n\t\t\t\t<\/div>\n\t\t\t\t\t<\/div>\n\t\t<\/div>\n\t\t\t\t\t<\/div>\n\t\t<\/section>\n\t\t\t\t<section class=\"elementor-section elementor-top-section elementor-element elementor-element-220726fc elementor-section-boxed elementor-section-height-default elementor-section-height-default\" data-id=\"220726fc\" data-element_type=\"section\" data-e-type=\"section\">\n\t\t\t\t\t\t<div class=\"elementor-container elementor-column-gap-default\">\n\t\t\t\t\t<div class=\"elementor-column elementor-col-33 elementor-top-column elementor-element elementor-element-1c592141\" data-id=\"1c592141\" data-element_type=\"column\" data-e-type=\"column\">\n\t\t\t<div class=\"elementor-widget-wrap elementor-element-populated\">\n\t\t\t\t\t\t<div class=\"elementor-element elementor-element-5583909b elementor-widget elementor-widget-text-editor\" data-id=\"5583909b\" data-element_type=\"widget\" data-e-type=\"widget\" data-widget_type=\"text-editor.default\">\n\t\t\t\t<div class=\"elementor-widget-container\">\n\t\t\t\t\t\t\t\t\t<p><span style=\"color: #000000;\">3.7.2020 kl. 18<\/span><\/p>\t\t\t\t\t\t\t\t<\/div>\n\t\t\t\t<\/div>\n\t\t\t\t\t<\/div>\n\t\t<\/div>\n\t\t\t\t<div class=\"elementor-column elementor-col-33 elementor-top-column elementor-element elementor-element-701910e\" data-id=\"701910e\" data-element_type=\"column\" data-e-type=\"column\">\n\t\t\t<div class=\"elementor-widget-wrap elementor-element-populated\">\n\t\t\t\t\t\t<div class=\"elementor-element elementor-element-15d47a4d elementor-widget elementor-widget-text-editor\" data-id=\"15d47a4d\" data-element_type=\"widget\" data-e-type=\"widget\" data-widget_type=\"text-editor.default\">\n\t\t\t\t<div class=\"elementor-widget-container\">\n\t\t\t\t\t\t\t\t\t<h4><b>Gratulerar, Beethoven!<\/b><\/h4><p><span style=\"font-size: 12pt; font-family: Arial; color: #222222; font-variant-numeric: normal; font-variant-east-asian: normal; vertical-align: baseline; white-space: pre-wrap;\">Ludwig van Beethoven: Sju variationer i Ess-dur \u00f6ver &#8221;bei M\u00e4nnern welche Liebe f\u00fchlen&#8221; ur Die Zauberfl\u00f6te (Trollfl\u00f6jten) av Mozart<\/span><\/p><p><span style=\"font-size: 12pt; font-family: Arial; color: #222222; font-variant-numeric: normal; font-variant-east-asian: normal; vertical-align: baseline; white-space: pre-wrap;\"><span style=\"font-weight: 400;\">Ludwig van Beethoven: Violinsonat op. 24 nr 5 i F-dur (<\/span><i><span style=\"font-weight: 400;\">V\u00e5rsonaten<\/span><\/i><span style=\"font-weight: 400;\">)<\/span><\/span><\/p><p><span style=\"font-size: 12pt; font-family: Arial; color: #222222; font-variant-numeric: normal; font-variant-east-asian: normal; vertical-align: baseline; white-space: pre-wrap;\"><span style=\"font-size: 12pt; color: #000000; background-color: transparent; font-variant-numeric: normal; font-variant-east-asian: normal; vertical-align: baseline;\">Ludwig van Beethoven: <\/span><span style=\"font-size: 12pt; font-variant-numeric: normal; font-variant-east-asian: normal; vertical-align: baseline;\">Str\u00e5kkvartett op. 18 nr 4 i c-moll <\/span><span style=\"font-weight: 400;\"><br \/><\/span><\/span><\/p><p><b style=\"color: #000000; font-size: 1rem;\">Sonja Fr\u00e4ki, piano<br \/><\/b><b style=\"color: #000000; font-size: 1rem;\">Essi H\u00f6glund, violin<br \/><\/b><b style=\"color: #000000; font-size: 1rem;\">Abel Puustinen, violin<br \/><\/b><b style=\"color: #000000; font-size: 1rem;\">Aino R\u00e4s\u00e4nen, altviolin<br \/><\/b><b style=\"color: #000000; font-size: 1rem;\">Erkki Lahesmaa, cello<\/b><\/p>\t\t\t\t\t\t\t\t<\/div>\n\t\t\t\t<\/div>\n\t\t\t\t\t<\/div>\n\t\t<\/div>\n\t\t\t\t<div class=\"elementor-column elementor-col-33 elementor-top-column elementor-element elementor-element-64feec40\" data-id=\"64feec40\" data-element_type=\"column\" data-e-type=\"column\">\n\t\t\t<div class=\"elementor-widget-wrap elementor-element-populated\">\n\t\t\t\t\t\t<div class=\"elementor-element elementor-element-721693fc elementor-widget elementor-widget-text-editor\" data-id=\"721693fc\" data-element_type=\"widget\" data-e-type=\"widget\" data-widget_type=\"text-editor.default\">\n\t\t\t\t<div class=\"elementor-widget-container\">\n\t\t\t\t\t\t\t\t\t<p><span style=\"color: #000000;\"><b>Nagu kyrka<\/b><\/span><\/p><p><span style=\"font-weight: 400; color: #000000;\">20 \u20ac grundbiljett<\/span><\/p><p><span style=\"font-weight: 400; color: #000000;\">15 \u20ac pension\u00e4rer, studerande och bev\u00e4ring<\/span><\/p><p><span style=\"font-weight: 400; color: #000000;\">Barn under 18 \u00e5r gratis<\/span><\/p><div><span style=\"color: #000000;\">\u00a0<\/span><\/div>\t\t\t\t\t\t\t\t<\/div>\n\t\t\t\t<\/div>\n\t\t\t\t\t<\/div>\n\t\t<\/div>\n\t\t\t\t\t<\/div>\n\t\t<\/section>\n\t\t\t\t<section class=\"elementor-section elementor-top-section elementor-element elementor-element-30f286de elementor-section-boxed elementor-section-height-default elementor-section-height-default\" data-id=\"30f286de\" data-element_type=\"section\" data-e-type=\"section\" data-settings=\"{&quot;background_background&quot;:&quot;classic&quot;}\">\n\t\t\t\t\t\t<div class=\"elementor-container elementor-column-gap-default\">\n\t\t\t\t\t<div class=\"elementor-column elementor-col-33 elementor-top-column elementor-element elementor-element-2b0b3b21\" data-id=\"2b0b3b21\" data-element_type=\"column\" data-e-type=\"column\">\n\t\t\t<div class=\"elementor-widget-wrap elementor-element-populated\">\n\t\t\t\t\t\t<div class=\"elementor-element elementor-element-32f6eab5 elementor-widget elementor-widget-text-editor\" data-id=\"32f6eab5\" data-element_type=\"widget\" data-e-type=\"widget\" data-widget_type=\"text-editor.default\">\n\t\t\t\t<div class=\"elementor-widget-container\">\n\t\t\t\t\t\t\t\t\t<p><span style=\"color: #000000;\">4.7.2020 kl. 14<\/span><\/p>\t\t\t\t\t\t\t\t<\/div>\n\t\t\t\t<\/div>\n\t\t\t\t\t<\/div>\n\t\t<\/div>\n\t\t\t\t<div class=\"elementor-column elementor-col-33 elementor-top-column elementor-element elementor-element-54845aa8\" data-id=\"54845aa8\" data-element_type=\"column\" data-e-type=\"column\">\n\t\t\t<div class=\"elementor-widget-wrap elementor-element-populated\">\n\t\t\t\t\t\t<div class=\"elementor-element elementor-element-44ce99f1 elementor-widget elementor-widget-text-editor\" data-id=\"44ce99f1\" data-element_type=\"widget\" data-e-type=\"widget\" data-widget_type=\"text-editor.default\">\n\t\t\t\t<div class=\"elementor-widget-container\">\n\t\t\t\t\t\t\t\t\t<h4><strong><span style=\"color: #000000;\">Ur Kamarn<\/span><\/strong><\/h4><div><span style=\"font-weight: 400; color: #000000;\">Nagu kammarmusikdagars artister musicerar tillsammans med unga musikstuderande fr\u00e5n sk\u00e4rg\u00e5rden.<\/span><\/div>\t\t\t\t\t\t\t\t<\/div>\n\t\t\t\t<\/div>\n\t\t\t\t\t<\/div>\n\t\t<\/div>\n\t\t\t\t<div class=\"elementor-column elementor-col-33 elementor-top-column elementor-element elementor-element-5bca2e88\" data-id=\"5bca2e88\" data-element_type=\"column\" data-e-type=\"column\">\n\t\t\t<div class=\"elementor-widget-wrap elementor-element-populated\">\n\t\t\t\t\t\t<div class=\"elementor-element elementor-element-9a0c355 elementor-widget elementor-widget-text-editor\" data-id=\"9a0c355\" data-element_type=\"widget\" data-e-type=\"widget\" data-widget_type=\"text-editor.default\">\n\t\t\t\t<div class=\"elementor-widget-container\">\n\t\t\t\t\t\t\t\t\t<p><strong><span style=\"color: #000000;\">Restaurang L&#8217;Escale, Nagu<\/span><\/strong><\/p><p><span style=\"color: #000000;\">Fritt intr\u00e4de<\/span><\/p>\t\t\t\t\t\t\t\t<\/div>\n\t\t\t\t<\/div>\n\t\t\t\t\t<\/div>\n\t\t<\/div>\n\t\t\t\t\t<\/div>\n\t\t<\/section>\n\t\t\t\t<section class=\"elementor-section elementor-top-section elementor-element elementor-element-7144004a elementor-section-boxed elementor-section-height-default elementor-section-height-default\" data-id=\"7144004a\" data-element_type=\"section\" data-e-type=\"section\">\n\t\t\t\t\t\t<div class=\"elementor-container elementor-column-gap-default\">\n\t\t\t\t\t<div class=\"elementor-column elementor-col-33 elementor-top-column elementor-element elementor-element-57d8b294\" data-id=\"57d8b294\" data-element_type=\"column\" data-e-type=\"column\">\n\t\t\t<div class=\"elementor-widget-wrap elementor-element-populated\">\n\t\t\t\t\t\t<div class=\"elementor-element elementor-element-22a51974 elementor-widget elementor-widget-text-editor\" data-id=\"22a51974\" data-element_type=\"widget\" data-e-type=\"widget\" data-widget_type=\"text-editor.default\">\n\t\t\t\t<div class=\"elementor-widget-container\">\n\t\t\t\t\t\t\t\t\t<p><span style=\"color: #000000;\">4.7.2020 kl. 18<\/span><\/p>\t\t\t\t\t\t\t\t<\/div>\n\t\t\t\t<\/div>\n\t\t\t\t\t<\/div>\n\t\t<\/div>\n\t\t\t\t<div class=\"elementor-column elementor-col-33 elementor-top-column elementor-element elementor-element-ab7841a\" data-id=\"ab7841a\" data-element_type=\"column\" data-e-type=\"column\">\n\t\t\t<div class=\"elementor-widget-wrap elementor-element-populated\">\n\t\t\t\t\t\t<div class=\"elementor-element elementor-element-16d61ad7 elementor-widget elementor-widget-text-editor\" data-id=\"16d61ad7\" data-element_type=\"widget\" data-e-type=\"widget\" data-widget_type=\"text-editor.default\">\n\t\t\t\t<div class=\"elementor-widget-container\">\n\t\t\t\t\t\t\t\t\t<h4><b>Stormande k\u00e4nslor<br \/><\/b><\/h4><h4><span style=\"font-size: 12pt; font-family: Arial; color: #000000; background-color: transparent; font-variant-numeric: normal; font-variant-east-asian: normal; vertical-align: baseline; white-space: pre-wrap;\">Wolfgang Amadeus Mozart: Pianotrio B-dur K. 502 <\/span><span style=\"color: #000000;\"><strong><br \/><\/strong><\/span><\/h4><p dir=\"ltr\" style=\"line-height: 1.38; margin-top: 0pt; margin-bottom: 0pt;\"><span style=\"font-size: 12pt; font-family: Arial; color: #000000; background-color: transparent; font-variant-numeric: normal; font-variant-east-asian: normal; vertical-align: baseline; white-space: pre-wrap;\">Robert Schumann: M\u00e4rchenbilder op. 113\u00a0 \u00a0 \u00a0 <\/span><\/p><p dir=\"ltr\" style=\"line-height: 1.38; margin-top: 0pt; margin-bottom: 0pt;\"><em><span style=\"font-size: 12pt; font-family: Arial; color: #000000; background-color: transparent; font-variant-numeric: normal; font-variant-east-asian: normal; vertical-align: baseline; white-space: pre-wrap;\">Nicht schnell<\/span><\/em><\/p><p dir=\"ltr\" style=\"line-height: 1.38; margin-top: 0pt; margin-bottom: 0pt;\"><em><span style=\"font-size: 12pt; font-family: Arial; color: #000000; background-color: transparent; font-variant-numeric: normal; font-variant-east-asian: normal; vertical-align: baseline; white-space: pre-wrap;\">Lebhaft<\/span><\/em><\/p><p dir=\"ltr\" style=\"line-height: 1.38; margin-top: 0pt; margin-bottom: 0pt;\"><em><span style=\"font-size: 12pt; font-family: Arial; color: #000000; background-color: transparent; font-variant-numeric: normal; font-variant-east-asian: normal; vertical-align: baseline; white-space: pre-wrap;\">Rasch<\/span><\/em><\/p><p dir=\"ltr\" style=\"line-height: 1.38; margin-top: 0pt; margin-bottom: 0pt;\"><em><span style=\"font-size: 12pt; font-family: Arial; color: #000000; background-color: transparent; font-variant-numeric: normal; font-variant-east-asian: normal; vertical-align: baseline; white-space: pre-wrap;\">Langsam, mit melancholischem Ausdruck<\/span><\/em><\/p><p dir=\"ltr\" style=\"line-height: 1.38; margin-top: 0pt; margin-bottom: 0pt;\"><em><span style=\"font-size: 12pt; font-family: Arial; color: #000000; background-color: transparent; font-variant-numeric: normal; font-variant-east-asian: normal; vertical-align: baseline; white-space: pre-wrap;\">\u00a0<\/span><\/em><\/p><p><span style=\"background-color: transparent; color: #000000; font-family: Arial; font-size: 12pt; white-space: pre-wrap;\">Robert Schumann: Pianokvintett Es-dur op. 44 <\/span><strong style=\"font-size: 1rem; color: #000000;\">\u00a0<\/strong><\/p><p><span style=\"color: #000000;\"><strong>Sonja Fr\u00e4ki, piano<br \/><\/strong><strong>Essi H\u00f6glund, violin<br \/><\/strong><strong>Abel Puustinen, violin<br \/><\/strong><strong>Aino R\u00e4s\u00e4nen, altviolin<br \/>Erkki Lahesmaa, cello<\/strong><\/span><\/p>\t\t\t\t\t\t\t\t<\/div>\n\t\t\t\t<\/div>\n\t\t\t\t\t<\/div>\n\t\t<\/div>\n\t\t\t\t<div class=\"elementor-column elementor-col-33 elementor-top-column elementor-element elementor-element-7a5bdf67\" data-id=\"7a5bdf67\" data-element_type=\"column\" data-e-type=\"column\">\n\t\t\t<div class=\"elementor-widget-wrap elementor-element-populated\">\n\t\t\t\t\t\t<div class=\"elementor-element elementor-element-33c7e406 elementor-widget elementor-widget-text-editor\" data-id=\"33c7e406\" data-element_type=\"widget\" data-e-type=\"widget\" data-widget_type=\"text-editor.default\">\n\t\t\t\t<div class=\"elementor-widget-container\">\n\t\t\t\t\t\t\t\t\t<p><strong><span style=\"color: #000000;\">Nauvon kirkko<\/span><\/strong><\/p><p><span style=\"font-weight: 400; color: #000000;\">20 \u20ac grundbiljett<\/span><\/p><p><span style=\"font-weight: 400; color: #000000;\">15 \u20ac pension\u00e4rer, studerande och bev\u00e4ring<\/span><\/p><p><span style=\"font-weight: 400; color: #000000;\">Barn under 18 \u00e5r gratis<\/span><\/p><div><span style=\"color: #000000;\">\u00a0<\/span><\/div>\t\t\t\t\t\t\t\t<\/div>\n\t\t\t\t<\/div>\n\t\t\t\t\t<\/div>\n\t\t<\/div>\n\t\t\t\t\t<\/div>\n\t\t<\/section>\n\t\t\t\t<section class=\"elementor-section elementor-top-section elementor-element elementor-element-10c2e2c0 elementor-section-boxed elementor-section-height-default elementor-section-height-default\" data-id=\"10c2e2c0\" data-element_type=\"section\" data-e-type=\"section\" data-settings=\"{&quot;background_background&quot;:&quot;classic&quot;}\">\n\t\t\t\t\t\t<div class=\"elementor-container elementor-column-gap-default\">\n\t\t\t\t\t<div class=\"elementor-column elementor-col-33 elementor-top-column elementor-element elementor-element-5c8d3408\" data-id=\"5c8d3408\" data-element_type=\"column\" data-e-type=\"column\">\n\t\t\t<div class=\"elementor-widget-wrap elementor-element-populated\">\n\t\t\t\t\t\t<div class=\"elementor-element elementor-element-22da582a elementor-widget elementor-widget-text-editor\" data-id=\"22da582a\" data-element_type=\"widget\" data-e-type=\"widget\" data-widget_type=\"text-editor.default\">\n\t\t\t\t<div class=\"elementor-widget-container\">\n\t\t\t\t\t\t\t\t\t<p><span style=\"color: #000000;\">5.7. 2020 kl. 15<\/span><\/p>\t\t\t\t\t\t\t\t<\/div>\n\t\t\t\t<\/div>\n\t\t\t\t\t<\/div>\n\t\t<\/div>\n\t\t\t\t<div class=\"elementor-column elementor-col-33 elementor-top-column elementor-element elementor-element-3a0beac6\" data-id=\"3a0beac6\" data-element_type=\"column\" data-e-type=\"column\">\n\t\t\t<div class=\"elementor-widget-wrap elementor-element-populated\">\n\t\t\t\t\t\t<div class=\"elementor-element elementor-element-44861d33 elementor-widget elementor-widget-text-editor\" data-id=\"44861d33\" data-element_type=\"widget\" data-e-type=\"widget\" data-widget_type=\"text-editor.default\">\n\t\t\t\t<div class=\"elementor-widget-container\">\n\t\t\t\t\t\t\t\t\t<h4><b>Unga virtuoser<\/b><\/h4><p><b>Vinnare av Salo cellot\u00e4vling<\/b><\/p><p><span style=\"font-weight: 400;\">Robert Schumann: <\/span><span style=\"font-weight: 400;\">Fantasistycken f\u00f6r cello och piano<br \/><\/span><span style=\"font-weight: 400;\">David Popper: Ungerska Rhapsodie op. 68<br \/><\/span><strong><span style=\"color: #000000;\">Saima Malmivaara, cello ja Liisa Malmivaara, piano<\/span><\/strong><\/p><p><span style=\"font-weight: 400; color: #000000;\">Robert Schumann: 5 st\u00fccke im Volkston\u00a0<br \/><\/span><span style=\"font-weight: 400; color: #000000;\">Antonin\u00a0 Dvorak: Silent Woods<\/span><\/p><p><strong><span style=\"color: #000000;\">Oona Koivukangas, cello ja <\/span><span style=\"color: #000000;\">Liisa Malmivaara, piano<\/span><\/strong><\/p><p><span style=\"font-size: 1rem;\">Cesar Franck: Sonat A-dur<br \/><\/span><span style=\"font-size: 1rem;\"><i>III Recitativo-Fantasia: Ben moderato<\/i><br \/><\/span><span style=\"font-size: 1rem;\"><i>IV Allegretto poco mosso<\/i><\/span><\/p><p><span style=\"font-weight: 400;\">Pjotr Tsaikovski: Pezzo Capriccioso<\/span><\/p><p><strong><span style=\"color: #000000;\">Maria Morfin Ven\u00e4l\u00e4inen, cello ja Liisa Malmivaara, piano<\/span><\/strong><\/p><p><b>\u00a0<\/b><\/p><p>\u00a0<\/p>\t\t\t\t\t\t\t\t<\/div>\n\t\t\t\t<\/div>\n\t\t\t\t\t<\/div>\n\t\t<\/div>\n\t\t\t\t<div class=\"elementor-column elementor-col-33 elementor-top-column elementor-element elementor-element-3838bbe2\" data-id=\"3838bbe2\" data-element_type=\"column\" data-e-type=\"column\">\n\t\t\t<div class=\"elementor-widget-wrap elementor-element-populated\">\n\t\t\t\t\t\t<div class=\"elementor-element elementor-element-48832c6 elementor-widget elementor-widget-text-editor\" data-id=\"48832c6\" data-element_type=\"widget\" data-e-type=\"widget\" data-widget_type=\"text-editor.default\">\n\t\t\t\t<div class=\"elementor-widget-container\">\n\t\t\t\t\t\t\t\t\t<p><span style=\"color: #000000;\"><strong>Nagu kyrka<\/strong><\/span><\/p><p><span style=\"color: #000000;\">Fritt intr\u00e4de<\/span><\/p>\t\t\t\t\t\t\t\t<\/div>\n\t\t\t\t<\/div>\n\t\t\t\t\t<\/div>\n\t\t<\/div>\n\t\t\t\t\t<\/div>\n\t\t<\/section>\n\t\t\t\t<\/div>\n\t\t","protected":false},"excerpt":{"rendered":"<p>Tid Program 1.7.2020 kl. 18 Romantikens virtuoser Adri\u00e1n Ib\u00e1\u00f1ez-Resjan, violin och Valeria Resjan, piano Jean Sibelius: Tre stycken op. 79 Tv\u00e5 humoresques op. 89 Fritz Kreisler: Recitativo &amp; Scherzo Ernest Chausson: Poeme op.25 Maurice Ravel: Tzigane Nagu kyrka 20 \u20ac grundbiljett 15 \u20ac pension\u00e4rer, studerande och bev\u00e4ring Barn under 18 \u00e5r gratis 2.7.2020 kl. 14&hellip; <br \/> <a class=\"read-more\" href=\"https:\/\/www.nauvonkamarimusiikki.fi\/?page_id=3182&#038;lang=sv\">Read more<\/a><\/p>\n","protected":false},"author":1,"featured_media":0,"parent":0,"menu_order":0,"comment_status":"closed","ping_status":"closed","template":"","meta":{"footnotes":""},"class_list":["post-3182","page","type-page","status-publish","hentry"],"_links":{"self":[{"href":"https:\/\/www.nauvonkamarimusiikki.fi\/index.php?rest_route=\/wp\/v2\/pages\/3182","targetHints":{"allow":["GET"]}}],"collection":[{"href":"https:\/\/www.nauvonkamarimusiikki.fi\/index.php?rest_route=\/wp\/v2\/pages"}],"about":[{"href":"https:\/\/www.nauvonkamarimusiikki.fi\/index.php?rest_route=\/wp\/v2\/types\/page"}],"author":[{"embeddable":true,"href":"https:\/\/www.nauvonkamarimusiikki.fi\/index.php?rest_route=\/wp\/v2\/users\/1"}],"replies":[{"embeddable":true,"href":"https:\/\/www.nauvonkamarimusiikki.fi\/index.php?rest_route=%2Fwp%2Fv2%2Fcomments&post=3182"}],"version-history":[{"count":31,"href":"https:\/\/www.nauvonkamarimusiikki.fi\/index.php?rest_route=\/wp\/v2\/pages\/3182\/revisions"}],"predecessor-version":[{"id":4014,"href":"https:\/\/www.nauvonkamarimusiikki.fi\/index.php?rest_route=\/wp\/v2\/pages\/3182\/revisions\/4014"}],"wp:attachment":[{"href":"https:\/\/www.nauvonkamarimusiikki.fi\/index.php?rest_route=%2Fwp%2Fv2%2Fmedia&parent=3182"}],"curies":[{"name":"wp","href":"https:\/\/api.w.org\/{rel}","templated":true}]}}